{"id":3717,"date":"2017-06-09T14:28:31","date_gmt":"2017-06-09T12:28:31","guid":{"rendered":"https:\/\/swissavant.aretiswebseiten.ch\/?page_id=3717"},"modified":"2023-04-12T13:06:26","modified_gmt":"2023-04-12T11:06:26","slug":"commerce-de-detail","status":"publish","type":"page","link":"https:\/\/swissavant.ch\/fr\/formation-professionnelle\/commerce-de-detail\/","title":{"rendered":"Commerce de d\u00e9tail"},"content":{"rendered":"<p>Transmission<\/p>","protected":false},"excerpt":{"rendered":"<p>28 branches sp\u00e9cialis\u00e9es, r\u00e9unies en dix groupes de branches, rendent le commerce de d\u00e9tail extraordinairement vari\u00e9, passionnant et attrayant. De plus, le commerce de d\u00e9tail offre des possibilit\u00e9s de formation continue attrayantes, bas\u00e9es sur la formation duale, et donc des opportunit\u00e9s de carri\u00e8re \u00e0 long terme.<\/p>","protected":false},"author":12,"featured_media":0,"parent":3634,"menu_order":4,"comment_status":"closed","ping_status":"closed","template":"","meta":{"_acf_changed":false,"_monsterinsights_skip_tracking":false,"_monsterinsights_sitenote_active":false,"_monsterinsights_sitenote_note":"","_monsterinsights_sitenote_category":0,"footnotes":""},"folder":[],"class_list":["post-3717","page","type-page","status-publish","hentry"],"acf":[],"yoast_head":"<!-- This site is optimized with the Yoast SEO plugin v26.8 - https:\/\/yoast.com\/product\/yoast-seo-wordpress\/ -->\n<title>Detailhandel - Swissavant<\/title>\n<meta name=\"robots\" content=\"index, follow, max-snippet:-1, max-image-preview:large, max-video-preview:-1\" \/>\n<link rel=\"canonical\" href=\"https:\/\/swissavant.ch\/fr\/formation-professionnelle\/commerce-de-detail\/\" \/>\n<meta property=\"og:locale\" content=\"fr_FR\" \/>\n<meta property=\"og:type\" content=\"article\" \/>\n<meta property=\"og:title\" content=\"Detailhandel - Swissavant\" \/>\n<meta property=\"og:description\" content=\"28 Fachbranchen, vereint in zehn Branchengruppen, machen den Detailhandel ausserordentlich vielseitig, spannend und attraktiv. Zudem er\u00f6ffnet der Detailhandel auf Basis des dualen Bildungswegs attraktive Weiterbildungsm\u00f6glichkeiten und damit langfristige Karrierechancen.\" \/>\n<meta property=\"og:url\" content=\"https:\/\/swissavant.ch\/fr\/formation-professionnelle\/commerce-de-detail\/\" \/>\n<meta property=\"og:site_name\" content=\"Swissavant\" \/>\n<meta property=\"article:modified_time\" content=\"2023-04-12T11:06:26+00:00\" \/>\n<meta name=\"twitter:label1\" content=\"Dur\u00e9e de lecture estim\u00e9e\" \/>\n\t<meta name=\"twitter:data1\" content=\"1 minute\" \/>\n<script type=\"application\/ld+json\" class=\"yoast-schema-graph\">{\"@context\":\"https:\/\/schema.org\",\"@graph\":[{\"@type\":\"WebPage\",\"@id\":\"https:\/\/swissavant.ch\/berufsbildung\/detailhandel\/\",\"url\":\"https:\/\/swissavant.ch\/berufsbildung\/detailhandel\/\",\"name\":\"Detailhandel - Swissavant\",\"isPartOf\":{\"@id\":\"https:\/\/swissavant.ch\/#website\"},\"datePublished\":\"2017-06-09T12:28:31+00:00\",\"dateModified\":\"2023-04-12T11:06:26+00:00\",\"breadcrumb\":{\"@id\":\"https:\/\/swissavant.ch\/berufsbildung\/detailhandel\/#breadcrumb\"},\"inLanguage\":\"fr-FR\",\"potentialAction\":[{\"@type\":\"ReadAction\",\"target\":[\"https:\/\/swissavant.ch\/berufsbildung\/detailhandel\/\"]}]},{\"@type\":\"BreadcrumbList\",\"@id\":\"https:\/\/swissavant.ch\/berufsbildung\/detailhandel\/#breadcrumb\",\"itemListElement\":[{\"@type\":\"ListItem\",\"position\":1,\"name\":\"Home\",\"item\":\"https:\/\/swissavant.ch\/home\/\"},{\"@type\":\"ListItem\",\"position\":2,\"name\":\"Berufsbildung\",\"item\":\"https:\/\/swissavant.ch\/berufsbildung\/\"},{\"@type\":\"ListItem\",\"position\":3,\"name\":\"Detailhandel\"}]},{\"@type\":\"WebSite\",\"@id\":\"https:\/\/swissavant.ch\/#website\",\"url\":\"https:\/\/swissavant.ch\/\",\"name\":\"Swissavant\",\"description\":\"Swissavant\",\"potentialAction\":[{\"@type\":\"SearchAction\",\"target\":{\"@type\":\"EntryPoint\",\"urlTemplate\":\"https:\/\/swissavant.ch\/?s={search_term_string}\"},\"query-input\":{\"@type\":\"PropertyValueSpecification\",\"valueRequired\":true,\"valueName\":\"search_term_string\"}}],\"inLanguage\":\"fr-FR\"}]}<\/script>\n<!-- \/ Yoast SEO plugin. -->","yoast_head_json":{"title":"Commerce de d\u00e9tail - Swissavant","robots":{"index":"index","follow":"follow","max-snippet":"max-snippet:-1","max-image-preview":"max-image-preview:large","max-video-preview":"max-video-preview:-1"},"canonical":"https:\/\/swissavant.ch\/fr\/formation-professionnelle\/commerce-de-detail\/","og_locale":"fr_FR","og_type":"article","og_title":"Detailhandel - Swissavant","og_description":"28 Fachbranchen, vereint in zehn Branchengruppen, machen den Detailhandel ausserordentlich vielseitig, spannend und attraktiv. Zudem er\u00f6ffnet der Detailhandel auf Basis des dualen Bildungswegs attraktive Weiterbildungsm\u00f6glichkeiten und damit langfristige Karrierechancen.","og_url":"https:\/\/swissavant.ch\/fr\/formation-professionnelle\/commerce-de-detail\/","og_site_name":"Swissavant","article_modified_time":"2023-04-12T11:06:26+00:00","twitter_misc":{"Dur\u00e9e de lecture estim\u00e9e":"1 minute"},"schema":{"@context":"https:\/\/schema.org","@graph":[{"@type":"WebPage","@id":"https:\/\/swissavant.ch\/berufsbildung\/detailhandel\/","url":"https:\/\/swissavant.ch\/berufsbildung\/detailhandel\/","name":"Commerce de d\u00e9tail - Swissavant","isPartOf":{"@id":"https:\/\/swissavant.ch\/#website"},"datePublished":"2017-06-09T12:28:31+00:00","dateModified":"2023-04-12T11:06:26+00:00","breadcrumb":{"@id":"https:\/\/swissavant.ch\/berufsbildung\/detailhandel\/#breadcrumb"},"inLanguage":"fr-FR","potentialAction":[{"@type":"ReadAction","target":["https:\/\/swissavant.ch\/berufsbildung\/detailhandel\/"]}]},{"@type":"BreadcrumbList","@id":"https:\/\/swissavant.ch\/berufsbildung\/detailhandel\/#breadcrumb","itemListElement":[{"@type":"ListItem","position":1,"name":"Home","item":"https:\/\/swissavant.ch\/home\/"},{"@type":"ListItem","position":2,"name":"Berufsbildung","item":"https:\/\/swissavant.ch\/berufsbildung\/"},{"@type":"ListItem","position":3,"name":"Detailhandel"}]},{"@type":"WebSite","@id":"https:\/\/swissavant.ch\/#website","url":"https:\/\/swissavant.ch\/","name":"Swissavant","description":"Swissavant","potentialAction":[{"@type":"SearchAction","target":{"@type":"EntryPoint","urlTemplate":"https:\/\/swissavant.ch\/?s={search_term_string}"},"query-input":{"@type":"PropertyValueSpecification","valueRequired":true,"valueName":"search_term_string"}}],"inLanguage":"fr-FR"}]}},"_links":{"self":[{"href":"https:\/\/swissavant.ch\/fr\/wp-json\/wp\/v2\/pages\/3717","targetHints":{"allow":["GET"]}}],"collection":[{"href":"https:\/\/swissavant.ch\/fr\/wp-json\/wp\/v2\/pages"}],"about":[{"href":"https:\/\/swissavant.ch\/fr\/wp-json\/wp\/v2\/types\/page"}],"author":[{"embeddable":true,"href":"https:\/\/swissavant.ch\/fr\/wp-json\/wp\/v2\/users\/12"}],"replies":[{"embeddable":true,"href":"https:\/\/swissavant.ch\/fr\/wp-json\/wp\/v2\/comments?post=3717"}],"version-history":[{"count":5,"href":"https:\/\/swissavant.ch\/fr\/wp-json\/wp\/v2\/pages\/3717\/revisions"}],"predecessor-version":[{"id":11214,"href":"https:\/\/swissavant.ch\/fr\/wp-json\/wp\/v2\/pages\/3717\/revisions\/11214"}],"up":[{"embeddable":true,"href":"https:\/\/swissavant.ch\/fr\/wp-json\/wp\/v2\/pages\/3634"}],"wp:attachment":[{"href":"https:\/\/swissavant.ch\/fr\/wp-json\/wp\/v2\/media?parent=3717"}],"wp:term":[{"taxonomy":"folder","embeddable":true,"href":"https:\/\/swissavant.ch\/fr\/wp-json\/wp\/v2\/folder?post=3717"}],"curies":[{"name":"wp","href":"https:\/\/api.w.org\/{rel}","templated":true}]}}