{"id":3788,"date":"2017-06-09T15:42:06","date_gmt":"2017-06-09T13:42:06","guid":{"rendered":"https:\/\/swissavant.aretiswebseiten.ch\/?page_id=3788"},"modified":"2026-04-17T14:44:16","modified_gmt":"2026-04-17T12:44:16","slug":"assemblee-generale","status":"publish","type":"page","link":"https:\/\/swissavant.ch\/fr\/association\/assemblee-generale\/","title":{"rendered":"Assembl\u00e9e g\u00e9n\u00e9rale"},"content":{"rendered":"<div id='av-layout-grid-1'  class='av-layout-grid-container av-65im98-e2d745ea82bad8bced20c7a9ea35f014 entry-content-wrapper main_color av-flex-cells  avia-builder-el-0  el_before_av_section  avia-builder-el-first   container_wrap fullsize'  >\n\n<style type=\"text\/css\" data-created_by=\"avia_inline_auto\" id=\"style-css-av-cy9bw-bfa0a95976d3fe1726b261a797616bc5\">\n.flex_cell.av-cy9bw-bfa0a95976d3fe1726b261a797616bc5{\nvertical-align:middle;\nheight:400px;\nmin-height:400px;\nbackground-color:#009fe4;\n}\n.responsive #top #wrap_all .flex_cell.av-cy9bw-bfa0a95976d3fe1726b261a797616bc5{\npadding:40px 60px 40px 60px !important;\n}\n<\/style>\n<div class='flex_cell av-cy9bw-bfa0a95976d3fe1726b261a797616bc5 av-gridrow-cell av_one_third no_margin  avia-builder-el-1  el_before_av_cell_one_third  avia-builder-el-first  content-align-middle'  ><div class='flex_cell_inner'>\n<style type=\"text\/css\" data-created_by=\"avia_inline_auto\" id=\"style-css-av-l81qvc62-d80a2b158b17fc1a8559b0fedee460e6\">\n#top .av-special-heading.av-l81qvc62-d80a2b158b17fc1a8559b0fedee460e6{\npadding-bottom:10px;\ncolor:#ffffff;\n}\nbody .av-special-heading.av-l81qvc62-d80a2b158b17fc1a8559b0fedee460e6 .av-special-heading-tag .heading-char{\nfont-size:25px;\n}\n.av-special-heading.av-l81qvc62-d80a2b158b17fc1a8559b0fedee460e6 .special-heading-inner-border{\nborder-color:#ffffff;\n}\n.av-special-heading.av-l81qvc62-d80a2b158b17fc1a8559b0fedee460e6 .av-subheading{\nfont-size:15px;\n}\n<\/style>\n<div  class='av-special-heading av-l81qvc62-d80a2b158b17fc1a8559b0fedee460e6 av-special-heading-h1 custom-color-heading blockquote modern-quote  avia-builder-el-2  avia-builder-el-no-sibling'><h1 class='av-special-heading-tag'  >L'assembl\u00e9e g\u00e9n\u00e9rale <\/h1><div class='av_custom_color av-subheading av-subheading_below'><p>Organe supr\u00eame de l'association<\/p>\n<\/div><div class=\"special-heading-border\"><div class=\"special-heading-inner-border\"><\/div><\/div><\/div>\n<\/div><\/div>\n<style type=\"text\/css\" data-created_by=\"avia_inline_auto\" id=\"style-css-av-2crzr0-df3d48f7f94464ef9b376ac9a7fdb0bf\">\n.flex_cell.av-2crzr0-df3d48f7f94464ef9b376ac9a7fdb0bf{\nvertical-align:middle;\nheight:400px;\nmin-height:400px;\nbackground-color:#e5e8eb;\n}\n.responsive #top #wrap_all .flex_cell.av-2crzr0-df3d48f7f94464ef9b376ac9a7fdb0bf{\npadding:40px 60px 40px 60px !important;\n}\n<\/style>\n<div class='flex_cell av-2crzr0-df3d48f7f94464ef9b376ac9a7fdb0bf av-gridrow-cell av_one_third no_margin  avia-builder-el-3  el_after_av_cell_one_third  el_before_av_cell_one_third  content-align-middle'  ><div class='flex_cell_inner'><p>\n<style type=\"text\/css\" data-created_by=\"avia_inline_auto\" id=\"style-css-av-8a08c-c64d0ad199aa9b7c0340466779de4ec6\">\n.av_font_icon.av-8a08c-c64d0ad199aa9b7c0340466779de4ec6{\ncolor:#009fe3;\nborder-color:#009fe3;\n}\n.avia-svg-icon.av-8a08c-c64d0ad199aa9b7c0340466779de4ec6 svg:first-child{\nstroke:#009fe3;\nfill:#009fe3;\n}\n.av_font_icon.av-8a08c-c64d0ad199aa9b7c0340466779de4ec6 .av-icon-char{\nfont-size:40px;\nline-height:40px;\n}\n<\/style>\n<span  class='av_font_icon av-8a08c-c64d0ad199aa9b7c0340466779de4ec6 avia_animate_when_visible av-icon-style- avia-icon-pos-left avia-iconfont avia-font-entypo-fontello avia-icon-animate'><span class='av-icon-char' data-av_icon='\ue87f' data-av_iconfont='entypo-fontello' aria-hidden=\"true\" ><\/span><\/span><br \/>\n\n<style type=\"text\/css\" data-created_by=\"avia_inline_auto\" id=\"style-css-av-l81qv0c5-f626153b7f10312865d6d662972f5328\">\n#top .av_textblock_section.av-l81qv0c5-f626153b7f10312865d6d662972f5328 .avia_textblock{\nfont-size:19px;\n}\n<\/style>\n<section  class='av_textblock_section av-l81qv0c5-f626153b7f10312865d6d662972f5328'  ><div class='avia_textblock' ><p>L'assembl\u00e9e g\u00e9n\u00e9rale est l'organe supr\u00eame, le pouvoir l\u00e9gislatif de Swissavant - Association \u00e9conomique Artisanat et M\u00e9nage. Compl\u00e9t\u00e9e par des expos\u00e9s d'actualit\u00e9 et des tables rondes de haut niveau, l'assembl\u00e9e est toujours int\u00e9gr\u00e9e \u00e0 la \u00abJourn\u00e9e nationale de la branche\u00bb, \u00e9v\u00e9nement de grande qualit\u00e9 auquel il vaut la peine de participer.<\/p>\n<\/div><\/section><\/p>\n<\/div><\/div>\n<style type=\"text\/css\" data-created_by=\"avia_inline_auto\" id=\"style-css-av-lab8tnuq-aba47cfd50bc8e31ef75d5f1ec7e84dd\">\n.flex_cell.av-lab8tnuq-aba47cfd50bc8e31ef75d5f1ec7e84dd{\nvertical-align:top;\nheight:400px;\nmin-height:400px;\nbackground:url(https:\/\/swissavant.ch\/mediathek\/2022\/11\/GV-Geld-Paragraf-verkleinert-714x476.jpg) 50% 0% no-repeat scroll ;\n}\n<\/style>\n<div class='flex_cell av-lab8tnuq-aba47cfd50bc8e31ef75d5f1ec7e84dd av-gridrow-cell av_one_third no_margin  avia-builder-el-6  el_after_av_cell_one_third  avia-builder-el-last  content-align-top avia-full-stretch'  ><div class='flex_cell_inner'><\/div><\/div>\n<\/div>\n<div id='stretch_width2'  class='avia-section av-23xjkoc-d1e09ac8151f83f558047dc3f23b3c1d alternate_color avia-section-huge avia-no-border-styling  avia-builder-el-7  el_after_av_layout_row  el_before_av_textblock  avia-bg-style-scroll container_wrap fullsize'  ><div class='container av-section-cont-open' ><div class='template-page content  av-content-full alpha units'><div class='post-entry post-entry-type-page post-entry-3788'><div class='entry-content-wrapper clearfix'>\n<div  class='flex_column av-4jpff0-cdbb1b76ed53f2db1bb1791af0278abd av_one_half  avia-builder-el-8  el_before_av_one_half  avia-builder-el-first  first flex_column_div'     ><style type=\"text\/css\" data-created_by=\"avia_inline_auto\" id=\"style-css-av-mo2uz3gg-9603ae6d1119bf44f857df456325f03e\">\n.avia-image-container.av-mo2uz3gg-9603ae6d1119bf44f857df456325f03e img.avia_image{\nbox-shadow:none;\n}\n.avia-image-container.av-mo2uz3gg-9603ae6d1119bf44f857df456325f03e .av-image-caption-overlay-center{\ncolor:#ffffff;\n}\n<\/style>\n<div  class='avia-image-container av-mo2uz3gg-9603ae6d1119bf44f857df456325f03e av-styling- avia-align-center  avia-builder-el-9  avia-builder-el-no-sibling'  ><div class=\"avia-image-container-inner\"><div class=\"avia-image-overlay-wrap\"><img decoding=\"async\" fetchpriority=\"high\" class='wp-image-13811 avia-img-lazy-loading-not-13811 avia_image' src=\"https:\/\/swissavant.ch\/mediathek\/2026\/04\/GV4-714x476.jpg\" alt='' title='GV4'  height=\"476\" width=\"714\" srcset=\"https:\/\/swissavant.ch\/mediathek\/2026\/04\/GV4-714x476.jpg 714w, https:\/\/swissavant.ch\/mediathek\/2026\/04\/GV4-18x12.jpg 18w, https:\/\/swissavant.ch\/mediathek\/2026\/04\/GV4-705x470.jpg 705w, https:\/\/swissavant.ch\/mediathek\/2026\/04\/GV4.jpg 900w\" sizes=\"(max-width: 714px) 100vw, 714px\" \/><\/div><\/div><\/div><\/div><div  class='flex_column av-2rlgzw-463bbb9a6831a13a320736e9b1da5954 av_one_half  avia-builder-el-10  el_after_av_one_half  el_before_av_hr  flex_column_div'     ><p>\n<style type=\"text\/css\" data-created_by=\"avia_inline_auto\" id=\"style-css-av-l81r0m1v-68d06f9e82981b07d3207ff87dccae17\">\n.av_font_icon.av-l81r0m1v-68d06f9e82981b07d3207ff87dccae17 .av-icon-char{\nfont-size:60px;\nline-height:60px;\n}\n<\/style>\n<span  class='av_font_icon av-l81r0m1v-68d06f9e82981b07d3207ff87dccae17 avia_animate_when_visible av-icon-style- avia-icon-pos-center avia-iconfont avia-font-entypo-fontello av-no-color avia-icon-animate'><span class='av-icon-char' data-av_icon='\ue864' data-av_iconfont='entypo-fontello' aria-hidden=\"true\" ><\/span><\/span><br \/>\n\n<style type=\"text\/css\" data-created_by=\"avia_inline_auto\" id=\"style-css-av-1wm4z7w-ed8a01dda7d53d0abf9861c82a602575\">\n#top .av-special-heading.av-1wm4z7w-ed8a01dda7d53d0abf9861c82a602575{\npadding-bottom:10px;\n}\nbody .av-special-heading.av-1wm4z7w-ed8a01dda7d53d0abf9861c82a602575 .av-special-heading-tag .heading-char{\nfont-size:25px;\n}\n.av-special-heading.av-1wm4z7w-ed8a01dda7d53d0abf9861c82a602575 .av-subheading{\nfont-size:15px;\n}\n<\/style>\n<div  class='av-special-heading av-1wm4z7w-ed8a01dda7d53d0abf9861c82a602575 av-special-heading-h4 blockquote modern-quote  avia-builder-el-12  el_after_av_font_icon  el_before_av_textblock'><h4 class='av-special-heading-tag'  >Assembl\u00e9e g\u00e9n\u00e9rale \u00e0 valeur ajout\u00e9e : connaissances, \u00e9changes et reconnaissance<\/h4><div class=\"special-heading-border\"><div class=\"special-heading-inner-border\"><\/div><\/div><\/div><br \/>\n<section  class='av_textblock_section av-1uyg9to-73ef13b556ceeef49080d1b32945c1fb'  ><div class='avia_textblock' ><p>L'assembl\u00e9e g\u00e9n\u00e9rale de Swissavant, qui a lieu chaque printemps, est l'organe central de direction et de branche de l'association. C'est l\u00e0 que sont pos\u00e9s les jalons statutaires et que sont d\u00e9finies les orientations strat\u00e9giques. En m\u00eame temps, elle est d\u00e9lib\u00e9r\u00e9ment \u00e9largie en tant que \u00abjourn\u00e9e nationale de la branche\u00bb : avec des expos\u00e9s techniques fond\u00e9s, des informations actuelles sur la branche, des \u00e9changes cibl\u00e9s ainsi que l'hommage rendu par la fondation de soutien polaris \u00e0 des apprentis dipl\u00f4m\u00e9s exceptionnels et \u00e0 des entreprises formatrices engag\u00e9es. L'assembl\u00e9e g\u00e9n\u00e9rale associe ainsi des d\u00e9cisions contraignantes \u00e0 un approfondissement du contenu et \u00e0 une mise en r\u00e9seau personnelle - et cr\u00e9e des avantages durables pour l'ensemble de la branche.<\/p>\n<\/div><\/section><\/p><\/div>\n<style type=\"text\/css\" data-created_by=\"avia_inline_auto\" id=\"style-css-av-bq3to-0c359728553d1488f066e6cbc909a2d6\">\n#top .hr.av-bq3to-0c359728553d1488f066e6cbc909a2d6{\nmargin-top:30px;\nmargin-bottom:10px;\n}\n.hr.av-bq3to-0c359728553d1488f066e6cbc909a2d6 .hr-inner{\nwidth:100px;\nborder-color:#009fe3;\n}\n<\/style>\n<div  class='hr av-bq3to-0c359728553d1488f066e6cbc909a2d6 hr-custom  avia-builder-el-14  el_after_av_one_half  el_before_av_textblock  hr-center hr-icon-no'><span class='hr-inner inner-border-av-border-fat'><span class=\"hr-inner-style\"><\/span><\/span><\/div>\n<section  class='av_textblock_section av-2zslzw-8069a24edf03e9a73fe2c91622f4b00f'  ><div class='avia_textblock' ><h4 style=\"text-align: center;\">La prochaine assembl\u00e9e g\u00e9n\u00e9rale de Swissavant aura lieu le <em><strong>Lundi 05 avril 2027<\/strong><\/em>\u00a0.<\/h4>\n<\/div><\/section>\n\n<style type=\"text\/css\" data-created_by=\"avia_inline_auto\" id=\"style-css-av-1wunbg-82986ec754ed22262ca683a522c331a2\">\n#top .hr.av-1wunbg-82986ec754ed22262ca683a522c331a2{\nmargin-top:30px;\nmargin-bottom:10px;\n}\n.hr.av-1wunbg-82986ec754ed22262ca683a522c331a2 .hr-inner{\nwidth:100px;\nborder-color:#009fe3;\n}\n<\/style>\n<div  class='hr av-1wunbg-82986ec754ed22262ca683a522c331a2 hr-custom  avia-builder-el-16  el_after_av_textblock  el_before_av_one_third  hr-center hr-icon-no'><span class='hr-inner inner-border-av-border-fat'><span class=\"hr-inner-style\"><\/span><\/span><\/div>\n<div class='flex_column_table av-4qg9p8-bcb9fb37d58b291d833726690786842c sc-av_one_third av-equal-height-column-flextable'>\n<style type=\"text\/css\" data-created_by=\"avia_inline_auto\" id=\"style-css-av-4qg9p8-bcb9fb37d58b291d833726690786842c\">\n@keyframes av_boxShadowEffect_av-4qg9p8-bcb9fb37d58b291d833726690786842c-column {\n0%   { box-shadow:  0 0 0 0 #dbdbdb; opacity: 1; }\n100% { box-shadow:  0 0 20px 0 #dbdbdb; opacity: 1; }\n}\n.flex_column.av-4qg9p8-bcb9fb37d58b291d833726690786842c{\nwidth:30.6666666667%;\nmargin-left:0;\nbox-shadow: 0 0 20px 0 #dbdbdb;\npadding:30px 30px 30px 30px;\nbackground-color:#ffffff;\n}\n#top .flex_column_table.av-equal-height-column-flextable.av-4qg9p8-bcb9fb37d58b291d833726690786842c .av-flex-placeholder{\nwidth:4%;\n}\n<\/style>\n<div  class='flex_column av-4qg9p8-bcb9fb37d58b291d833726690786842c av_one_third  avia-builder-el-17  el_after_av_hr  el_before_av_one_third  first flex_column_table_cell av-equal-height-column av-align-top shadow-not-animated'     ><p>\n<style type=\"text\/css\" data-created_by=\"avia_inline_auto\" id=\"style-css-av-lukyuhw7-6f1c0a3fd08cb74d30a9f84f607abb90\">\n.av_font_icon.av-lukyuhw7-6f1c0a3fd08cb74d30a9f84f607abb90 .av-icon-char{\nfont-size:60px;\nline-height:60px;\n}\n<\/style>\n<span  class='av_font_icon av-lukyuhw7-6f1c0a3fd08cb74d30a9f84f607abb90 avia_animate_when_visible av-icon-style- avia-icon-pos-center avia-iconfont avia-font-entypo-fontello av-no-color avia-icon-animate'><span class='av-icon-char' data-av_icon='\ue82b' data-av_iconfont='entypo-fontello' aria-hidden=\"true\" ><\/span><\/span><br \/>\n\n<style type=\"text\/css\" data-created_by=\"avia_inline_auto\" id=\"style-css-av-lukyrylz-312c17a7cd5982947bd1268fe23806c4\">\n#top .av-special-heading.av-lukyrylz-312c17a7cd5982947bd1268fe23806c4{\npadding-bottom:10px;\n}\nbody .av-special-heading.av-lukyrylz-312c17a7cd5982947bd1268fe23806c4 .av-special-heading-tag .heading-char{\nfont-size:25px;\n}\n.av-special-heading.av-lukyrylz-312c17a7cd5982947bd1268fe23806c4 .av-subheading{\nfont-size:15px;\n}\n<\/style>\n<div  class='av-special-heading av-lukyrylz-312c17a7cd5982947bd1268fe23806c4 av-special-heading-h4 blockquote modern-quote  avia-builder-el-19  el_after_av_font_icon  el_before_av_textblock'><h4 class='av-special-heading-tag'  >R\u00e9trospective de l'ann\u00e9e \u00e9coul\u00e9e : L'essentiel en avant-premi\u00e8re<\/h4><div class=\"special-heading-border\"><div class=\"special-heading-inner-border\"><\/div><\/div><\/div><br \/>\n<section  class='av_textblock_section av-lukyt6kd-e953eedaf88779de8c5e73d525d819da'  ><div class='avia_textblock' ><p><strong>L'AG approuve toutes les propositions<br \/>\n<\/strong><\/p>\n<p data-start=\"229\" data-end=\"398\">La 116e assembl\u00e9e g\u00e9n\u00e9rale ordinaire 2026 a rempli son mandat statutaire principal et a approuv\u00e9 \u00e0 l'unanimit\u00e9 le rapport de performance 2025, les comptes annuels 2025 et le budget 2026. La d\u00e9cision d'affecter l'exc\u00e9dent de recettes au fonds de formation a constitu\u00e9 un signal fort. Cela permettra de renforcer la formation professionnelle de mani\u00e8re cibl\u00e9e et d'assurer durablement la promotion de la rel\u00e8ve.<\/p>\n<p data-start=\"593\" data-end=\"712\">La large approbation de toutes les propositions confirme la confiance accord\u00e9e au comit\u00e9 et \u00e0 l'orientation strat\u00e9gique de l'association.<\/p>\n<p><strong>La r\u00e9trospective d\u00e9taill\u00e9e de la Journ\u00e9e nationale de la branche 2026 para\u00eetra dans l'\u00e9dition d'avril du <em>perspective<\/em>.<\/strong><\/p>\n<\/div><\/section><\/p><\/div><div class='av-flex-placeholder'><\/div>\n<style type=\"text\/css\" data-created_by=\"avia_inline_auto\" id=\"style-css-av-63ggi4-8f126e5adb2575dc7a77ca743dea84e7\">\n@keyframes av_boxShadowEffect_av-63ggi4-8f126e5adb2575dc7a77ca743dea84e7-column {\n0%   { box-shadow:  0 0 0 0 #dbdbdb; opacity: 1; }\n100% { box-shadow:  0 0 20px 0 #dbdbdb; opacity: 1; }\n}\n.flex_column.av-63ggi4-8f126e5adb2575dc7a77ca743dea84e7{\nwidth:30.6666666667%;\nmargin-left:0;\nbox-shadow: 0 0 20px 0 #dbdbdb;\npadding:30px 30px 30px 30px;\nbackground-color:#ffffff;\n}\n#top .flex_column_table.av-equal-height-column-flextable.av-63ggi4-8f126e5adb2575dc7a77ca743dea84e7 .av-flex-placeholder{\nwidth:4%;\n}\n<\/style>\n<div  class='flex_column av-63ggi4-8f126e5adb2575dc7a77ca743dea84e7 av_one_third  avia-builder-el-21  el_after_av_one_third  el_before_av_one_third  flex_column_table_cell av-equal-height-column av-align-top shadow-not-animated'     ><p>\n<style type=\"text\/css\" data-created_by=\"avia_inline_auto\" id=\"style-css-av-lukyu9qz-ae71bd82fb161d9e634e41b922b8bf19\">\n.av_font_icon.av-lukyu9qz-ae71bd82fb161d9e634e41b922b8bf19 .av-icon-char{\nfont-size:60px;\nline-height:60px;\n}\n<\/style>\n<span  class='av_font_icon av-lukyu9qz-ae71bd82fb161d9e634e41b922b8bf19 avia_animate_when_visible av-icon-style- avia-icon-pos-center avia-iconfont avia-font-entypo-fontello av-no-color avia-icon-animate'><span class='av-icon-char' data-av_icon='\ue80b' data-av_iconfont='entypo-fontello' aria-hidden=\"true\" ><\/span><\/span><br \/>\n\n<style type=\"text\/css\" data-created_by=\"avia_inline_auto\" id=\"style-css-av-lukyr479-d1cee7da863a8a18b1ce47e54c302423\">\n#top .av-special-heading.av-lukyr479-d1cee7da863a8a18b1ce47e54c302423{\npadding-bottom:10px;\n}\nbody .av-special-heading.av-lukyr479-d1cee7da863a8a18b1ce47e54c302423 .av-special-heading-tag .heading-char{\nfont-size:25px;\n}\n.av-special-heading.av-lukyr479-d1cee7da863a8a18b1ce47e54c302423 .av-subheading{\nfont-size:15px;\n}\n<\/style>\n<div  class='av-special-heading av-lukyr479-d1cee7da863a8a18b1ce47e54c302423 av-special-heading-h4 blockquote modern-quote  avia-builder-el-23  el_after_av_font_icon  el_before_av_textblock'><h4 class='av-special-heading-tag'  >Expos\u00e9s techniques en amont de l'AG<\/h4><div class=\"special-heading-border\"><div class=\"special-heading-inner-border\"><\/div><\/div><\/div><br \/>\n<section  class='av_textblock_section av-lukysrmb-1b2f144f1d06f71433a286db25fe41e8'  ><div class='avia_textblock' ><p data-start=\"0\" data-end=\"294\">Les expos\u00e9s sp\u00e9cialis\u00e9s qui ont pr\u00e9c\u00e9d\u00e9 l'assembl\u00e9e g\u00e9n\u00e9rale ont donn\u00e9 des impulsions claires \u00e0 la branche. Marcel Gebert (Debrunner Acifer AG) a montr\u00e9 avec \u00abSmartstore pour les professionnels du b\u00e2timent\u00bb comment les structures de collecte classiques peuvent \u00eatre transform\u00e9es en solutions num\u00e9riques orient\u00e9es vers l'utilisateur - de mani\u00e8re simple, efficace et pratique.<\/p>\n<p data-start=\"296\" data-end=\"581\">Cette pr\u00e9sentation a \u00e9t\u00e9 compl\u00e9t\u00e9e par la contribution d'Udo von Meltzing, Roland Wehage et Kai Pfersich (nexmart GmbH &amp; Co. KG) sur le th\u00e8me \u00abTrouver au lieu de chercher\u00bb. L'accent a \u00e9t\u00e9 mis sur l'utilisation de l'IA pour am\u00e9liorer les donn\u00e9es de produits afin d'augmenter durablement la trouvabilit\u00e9, la qualit\u00e9 des donn\u00e9es et le succ\u00e8s des ventes.<\/p>\n<p data-start=\"583\" data-end=\"780\" data-is-last-node=\"\" data-is-only-node=\"\">Les deux expos\u00e9s ont clairement montr\u00e9 que le d\u00e9veloppement num\u00e9rique est plus efficace lorsque les processus sont simplifi\u00e9s, les donn\u00e9es g\u00e9r\u00e9es de mani\u00e8re coh\u00e9rente et les solutions orient\u00e9es de mani\u00e8re cons\u00e9quente vers les utilisateurs.<\/p>\n<div class=\"z-0 flex min-h-&#091;46px&#093; justify-start\"><\/div>\n<\/div><\/section><\/p><\/div><div class='av-flex-placeholder'><\/div>\n<style type=\"text\/css\" data-created_by=\"avia_inline_auto\" id=\"style-css-av-3abjz0-d2e2f7e3d76fac4ec36d6ab412fcccc7\">\n@keyframes av_boxShadowEffect_av-3abjz0-d2e2f7e3d76fac4ec36d6ab412fcccc7-column {\n0%   { box-shadow:  0 0 0 0 #dbdbdb; opacity: 1; }\n100% { box-shadow:  0 0 20px 0 #dbdbdb; opacity: 1; }\n}\n.flex_column.av-3abjz0-d2e2f7e3d76fac4ec36d6ab412fcccc7{\nwidth:30.6666666667%;\nmargin-left:0;\nbox-shadow: 0 0 20px 0 #dbdbdb;\npadding:30px 30px 30px 30px;\nbackground-color:#ffffff;\n}\n#top .flex_column_table.av-equal-height-column-flextable.av-3abjz0-d2e2f7e3d76fac4ec36d6ab412fcccc7 .av-flex-placeholder{\nwidth:4%;\n}\n<\/style>\n<div  class='flex_column av-3abjz0-d2e2f7e3d76fac4ec36d6ab412fcccc7 av_one_third  avia-builder-el-25  el_after_av_one_third  avia-builder-el-last  flex_column_table_cell av-equal-height-column av-align-top shadow-not-animated'     ><p>\n<style type=\"text\/css\" data-created_by=\"avia_inline_auto\" id=\"style-css-av-lukywexi-e49a50eb6bbe90f9da5e26c8a11001c2\">\n.av_font_icon.av-lukywexi-e49a50eb6bbe90f9da5e26c8a11001c2 .av-icon-char{\nfont-size:60px;\n}\n<\/style>\n<span  class='av_font_icon av-lukywexi-e49a50eb6bbe90f9da5e26c8a11001c2 avia_animate_when_visible av-icon-style- avia-icon-pos-center avia-svg-icon avia-font-svg_entypo-fontello av-no-color avia-icon-animate'><span class='av-icon-char' data-av_svg_icon='trophy' data-av_iconset='svg_entypo-fontello' ><svg version=\"1.1\" xmlns=\"http:\/\/www.w3.org\/2000\/svg\" width=\"29\" height=\"32\" viewbox=\"0 0 29 32\" preserveaspectratio=\"xMidYMid meet\" aria-labelledby='av-svg-title-1' aria-describedby='av-svg-desc-1' role=\"graphics-symbol\" aria-hidden=\"true\">\n<title id='av-svg-title-1'>Troph\u00e9e<\/title>\n<desc id='av-svg-desc-1'>Troph\u00e9e<\/desc>\n<path d=\"M16.32 22.912v2.112q2.24 0.256 3.712 1.024t1.472 1.792q0 1.152-2.080 2.016t-5.024 0.864q-2.88 0-4.992-0.864t-2.112-2.016q0-1.024 1.472-1.792t3.776-1.024v-2.112q0-1.6-1.056-2.688t-3.616-2.816q-1.792-1.152-2.784-1.952t-2.4-2.304-2.048-3.456-0.64-4.384q0-0.448 0.352-0.768t0.8-0.32h5.504q1.536-2.944 7.744-2.944 6.272 0 7.808 2.944h5.44q0.448 0 0.8 0.32t0.352 0.768q0 2.432-0.64 4.384t-2.048 3.456-2.4 2.304-2.784 1.952q-2.496 1.664-3.552 2.784t-1.056 2.72zM20.736 14.848q2.56-1.792 4.032-3.648t1.728-4.736h-4.032q-0.192 5.056-1.728 8.384zM14.4 3.2q-1.984 0-3.456 0.48t-2.048 1.024-0.576 0.928q0 0.448 0.576 0.992t2.048 1.024 3.456 0.48 3.456-0.48 2.048-1.024 0.576-0.992q0-0.384-0.576-0.928t-2.048-1.024-3.456-0.48zM2.304 6.464q0.256 2.88 1.728 4.736t4.032 3.648q-1.536-3.328-1.728-8.384h-4.032z\"><\/path>\n<\/svg><\/span><\/span><br \/>\n\n<style type=\"text\/css\" data-created_by=\"avia_inline_auto\" id=\"style-css-av-lukys8ye-1ab20c42aa93d09861f350e21e5a8461\">\n#top .av-special-heading.av-lukys8ye-1ab20c42aa93d09861f350e21e5a8461{\npadding-bottom:10px;\n}\nbody .av-special-heading.av-lukys8ye-1ab20c42aa93d09861f350e21e5a8461 .av-special-heading-tag .heading-char{\nfont-size:25px;\n}\n.av-special-heading.av-lukys8ye-1ab20c42aa93d09861f350e21e5a8461 .av-subheading{\nfont-size:15px;\n}\n<\/style>\n<div  class='av-special-heading av-lukys8ye-1ab20c42aa93d09861f350e21e5a8461 av-special-heading-h4 blockquote modern-quote  avia-builder-el-27  el_after_av_font_icon  el_before_av_textblock'><h4 class='av-special-heading-tag'  >La remise des prix r\u00e9compense l'engagement<\/h4><div class=\"special-heading-border\"><div class=\"special-heading-inner-border\"><\/div><\/div><\/div><br \/>\n<section  class='av_textblock_section av-lukytho2-6f4098a063d8772a82411c98af4a3415'  ><div class='avia_textblock' ><p data-start=\"290\" data-end=\"600\">Lors de \u00abl'heure de l'hommage\u00bb, la remise du prix polaris, sept dipl\u00f4m\u00e9s des branches \u00abQuincaillerie\u00bb, \u00abM\u00e9nage\u00bb et, pour la premi\u00e8re fois, \u00abPeinture\u00bb, ayant obtenu des notes finales sup\u00e9rieures ou \u00e9gales \u00e0 5,5, ont re\u00e7u la distinction de la fondation. Ils repr\u00e9sentent de mani\u00e8re exemplaire des performances fortes et un engagement dans la formation professionnelle initiale.<\/p>\n<p data-start=\"602\" data-end=\"870\" data-is-last-node=\"\" data-is-only-node=\"\">G\u00f6tschi AG (quincaillerie), Loeb AG (m\u00e9nage) et boesner GmbH (peintures) ont \u00e9t\u00e9 d\u00e9sign\u00e9es \u00abEntreprises formatrices de l'ann\u00e9e 2025\u00bb. Cette distinction souligne leur engagement durable dans la formation et leur contribution \u00e0 la promotion de la rel\u00e8ve de la branche.<\/p>\n<\/div><\/section><\/p><\/div><\/div><!--close column table wrapper. Autoclose: 1 --><\/div><\/div><\/div><!-- close content main div --><\/div><\/div><div id='after_section_1'  class='main_color av_default_container_wrap container_wrap fullsize'  ><div class='container av-section-cont-open' ><div class='template-page content  av-content-full alpha units'><div class='post-entry post-entry-type-page post-entry-3788'><div class='entry-content-wrapper clearfix'><section  class='av_textblock_section av-28tgks-1570ee0195487d13df3ebfb0ef4c2f07'  ><div class='avia_textblock' ><p style=\"text-align: center;\">Voici quelques impressions de la derni\u00e8re assembl\u00e9e g\u00e9n\u00e9rale du 30 mars 2026.<\/p>\n<\/div><\/section><\/p>\n\n<style type=\"text\/css\" data-created_by=\"avia_inline_auto\" id=\"style-css-av-la2h4nil-647e3424d58cfb5951db88a7741064aa\">\n#top .avia-gallery.av-la2h4nil-647e3424d58cfb5951db88a7741064aa .avia-gallery-thumb a{\nwidth:20%;\n}\n<\/style>\n<div  class='avia-gallery av-la2h4nil-647e3424d58cfb5951db88a7741064aa avia_animate_when_visible  avia-builder-el-30  el_after_av_textblock  el_before_av_section  avia-builder-el-last  avia_lazyload avia-gallery-animate avia-gallery-1' ><meta itemprop=\"contentURL\" content=\"https:\/\/swissavant.ch\/fr\/association\/assemblee-generale\/\"><div class='avia-gallery-thumb'><a href=\"https:\/\/swissavant.ch\/mediathek\/2026\/04\/Empfang.jpg\" data-srcset=\"https:\/\/swissavant.ch\/mediathek\/2026\/04\/Empfang.jpg 900w, https:\/\/swissavant.ch\/mediathek\/2026\/04\/Empfang-714x476.jpg 714w, https:\/\/swissavant.ch\/mediathek\/2026\/04\/Empfang-18x12.jpg 18w, https:\/\/swissavant.ch\/mediathek\/2026\/04\/Empfang-705x470.jpg 705w\" data-sizes=\"(max-width: 900px) 100vw, 900px\" data-rel='gallery-1' data-prev-img='https:\/\/swissavant.ch\/mediathek\/2026\/04\/Empfang-495x400.jpg' class='first_thumb lightbox' data-onclick='1' title='R\u00e9ception'  ><img decoding=\"async\" fetchpriority=\"high\" class=\"wp-image-13806 avia-img-lazy-loading-not-13806\"   src=\"https:\/\/swissavant.ch\/mediathek\/2026\/04\/Empfang-495x400.jpg\" width=\"495\" height=\"400\"  title='R\u00e9ception' alt='' \/><div class='big-prev-fake'><img decoding=\"async\" loading=\"lazy\" class=\"wp-image-13806 avia-img-lazy-loading-13806\"  width=\"495\" height=\"400\" src=\"https:\/\/swissavant.ch\/mediathek\/2026\/04\/Empfang-495x400.jpg\" title='R\u00e9ception' alt='' \/><\/div><\/a><a href=\"https:\/\/swissavant.ch\/mediathek\/2026\/04\/Einlass.jpg\" data-srcset=\"https:\/\/swissavant.ch\/mediathek\/2026\/04\/Einlass.jpg 900w, https:\/\/swissavant.ch\/mediathek\/2026\/04\/Einlass-714x476.jpg 714w, https:\/\/swissavant.ch\/mediathek\/2026\/04\/Einlass-18x12.jpg 18w, https:\/\/swissavant.ch\/mediathek\/2026\/04\/Einlass-705x470.jpg 705w\" data-sizes=\"(max-width: 900px) 100vw, 900px\" data-rel='gallery-1' data-prev-img='https:\/\/swissavant.ch\/mediathek\/2026\/04\/Einlass-495x400.jpg' class='lightbox' data-onclick='2' title='Entr\u00e9e'  ><img decoding=\"async\" fetchpriority=\"high\" class=\"wp-image-13805 avia-img-lazy-loading-not-13805\"   src=\"https:\/\/swissavant.ch\/mediathek\/2026\/04\/Einlass-495x400.jpg\" width=\"495\" height=\"400\"  title='Entr\u00e9e' alt='' \/><div class='big-prev-fake'><img decoding=\"async\" loading=\"lazy\" class=\"wp-image-13805 avia-img-lazy-loading-13805\"  width=\"495\" height=\"400\" src=\"https:\/\/swissavant.ch\/mediathek\/2026\/04\/Einlass-495x400.jpg\" title='Entr\u00e9e' alt='' \/><\/div><\/a><a href=\"https:\/\/swissavant.ch\/mediathek\/2026\/04\/Volle-Reihen.jpg\" data-srcset=\"https:\/\/swissavant.ch\/mediathek\/2026\/04\/Volle-Reihen.jpg 900w, https:\/\/swissavant.ch\/mediathek\/2026\/04\/Volle-Reihen-714x476.jpg 714w, https:\/\/swissavant.ch\/mediathek\/2026\/04\/Volle-Reihen-18x12.jpg 18w, https:\/\/swissavant.ch\/mediathek\/2026\/04\/Volle-Reihen-705x470.jpg 705w\" data-sizes=\"(max-width: 900px) 100vw, 900px\" data-rel='gallery-1' data-prev-img='https:\/\/swissavant.ch\/mediathek\/2026\/04\/Volle-Reihen-495x400.jpg' class='lightbox' data-onclick='3' title='Rangs complets'  ><img decoding=\"async\" fetchpriority=\"high\" class=\"wp-image-13822 avia-img-lazy-loading-not-13822\"   src=\"https:\/\/swissavant.ch\/mediathek\/2026\/04\/Volle-Reihen-495x400.jpg\" width=\"495\" height=\"400\"  title='Rangs complets' alt='' \/><div class='big-prev-fake'><img decoding=\"async\" loading=\"lazy\" class=\"wp-image-13822 avia-img-lazy-loading-13822\"  width=\"495\" height=\"400\" src=\"https:\/\/swissavant.ch\/mediathek\/2026\/04\/Volle-Reihen-495x400.jpg\" title='Rangs complets' alt='' \/><\/div><\/a><a href=\"https:\/\/swissavant.ch\/mediathek\/2026\/04\/Referat-Debrunner.jpg\" data-srcset=\"https:\/\/swissavant.ch\/mediathek\/2026\/04\/Referat-Debrunner.jpg 900w, https:\/\/swissavant.ch\/mediathek\/2026\/04\/Referat-Debrunner-714x476.jpg 714w, https:\/\/swissavant.ch\/mediathek\/2026\/04\/Referat-Debrunner-18x12.jpg 18w, https:\/\/swissavant.ch\/mediathek\/2026\/04\/Referat-Debrunner-705x470.jpg 705w\" data-sizes=\"(max-width: 900px) 100vw, 900px\" data-rel='gallery-1' data-prev-img='https:\/\/swissavant.ch\/mediathek\/2026\/04\/Referat-Debrunner-495x400.jpg' class='lightbox' data-onclick='4' title='Expos\u00e9 Debrunner'  ><img decoding=\"async\" fetchpriority=\"high\" class=\"wp-image-13819 avia-img-lazy-loading-not-13819\"   src=\"https:\/\/swissavant.ch\/mediathek\/2026\/04\/Referat-Debrunner-495x400.jpg\" width=\"495\" height=\"400\"  title='Expos\u00e9 Debrunner' alt='' \/><div class='big-prev-fake'><img decoding=\"async\" loading=\"lazy\" class=\"wp-image-13819 avia-img-lazy-loading-13819\"  width=\"495\" height=\"400\" src=\"https:\/\/swissavant.ch\/mediathek\/2026\/04\/Referat-Debrunner-495x400.jpg\" title='Expos\u00e9 Debrunner' alt='' \/><\/div><\/a><a href=\"https:\/\/swissavant.ch\/mediathek\/2026\/04\/Referat-nexmart.jpg\" data-srcset=\"https:\/\/swissavant.ch\/mediathek\/2026\/04\/Referat-nexmart.jpg 900w, https:\/\/swissavant.ch\/mediathek\/2026\/04\/Referat-nexmart-714x476.jpg 714w, https:\/\/swissavant.ch\/mediathek\/2026\/04\/Referat-nexmart-18x12.jpg 18w, https:\/\/swissavant.ch\/mediathek\/2026\/04\/Referat-nexmart-705x470.jpg 705w\" data-sizes=\"(max-width: 900px) 100vw, 900px\" data-rel='gallery-1' data-prev-img='https:\/\/swissavant.ch\/mediathek\/2026\/04\/Referat-nexmart-495x400.jpg' class='lightbox' data-onclick='5' title='Expos\u00e9 nexmart'  ><img decoding=\"async\" fetchpriority=\"high\" class=\"wp-image-13820 avia-img-lazy-loading-not-13820\"   src=\"https:\/\/swissavant.ch\/mediathek\/2026\/04\/Referat-nexmart-495x400.jpg\" width=\"495\" height=\"400\"  title='Expos\u00e9 nexmart' alt='' \/><div class='big-prev-fake'><img decoding=\"async\" loading=\"lazy\" class=\"wp-image-13820 avia-img-lazy-loading-13820\"  width=\"495\" height=\"400\" src=\"https:\/\/swissavant.ch\/mediathek\/2026\/04\/Referat-nexmart-495x400.jpg\" title='Expos\u00e9 nexmart' alt='' \/><\/div><\/a><a href=\"https:\/\/swissavant.ch\/mediathek\/2026\/04\/Preisverleihung-Intro.jpg\" data-srcset=\"https:\/\/swissavant.ch\/mediathek\/2026\/04\/Preisverleihung-Intro.jpg 900w, https:\/\/swissavant.ch\/mediathek\/2026\/04\/Preisverleihung-Intro-714x476.jpg 714w, https:\/\/swissavant.ch\/mediathek\/2026\/04\/Preisverleihung-Intro-18x12.jpg 18w, https:\/\/swissavant.ch\/mediathek\/2026\/04\/Preisverleihung-Intro-705x470.jpg 705w\" data-sizes=\"(max-width: 900px) 100vw, 900px\" data-rel='gallery-1' data-prev-img='https:\/\/swissavant.ch\/mediathek\/2026\/04\/Preisverleihung-Intro-495x400.jpg' class='first_thumb lightbox' data-onclick='6' title='Remise des prix Intro'  ><img decoding=\"async\" fetchpriority=\"high\" class=\"wp-image-13818 avia-img-lazy-loading-not-13818\"   src=\"https:\/\/swissavant.ch\/mediathek\/2026\/04\/Preisverleihung-Intro-495x400.jpg\" width=\"495\" height=\"400\"  title='Remise des prix Intro' alt='' \/><div class='big-prev-fake'><img decoding=\"async\" loading=\"lazy\" class=\"wp-image-13818 avia-img-lazy-loading-13818\"  width=\"495\" height=\"400\" src=\"https:\/\/swissavant.ch\/mediathek\/2026\/04\/Preisverleihung-Intro-495x400.jpg\" title='Remise des prix Intro' alt='' \/><\/div><\/a><a href=\"https:\/\/swissavant.ch\/mediathek\/2026\/04\/Musiker-vom-MKZ.jpg\" data-srcset=\"https:\/\/swissavant.ch\/mediathek\/2026\/04\/Musiker-vom-MKZ.jpg 900w, https:\/\/swissavant.ch\/mediathek\/2026\/04\/Musiker-vom-MKZ-714x476.jpg 714w, https:\/\/swissavant.ch\/mediathek\/2026\/04\/Musiker-vom-MKZ-18x12.jpg 18w, https:\/\/swissavant.ch\/mediathek\/2026\/04\/Musiker-vom-MKZ-705x470.jpg 705w\" data-sizes=\"(max-width: 900px) 100vw, 900px\" data-rel='gallery-1' data-prev-img='https:\/\/swissavant.ch\/mediathek\/2026\/04\/Musiker-vom-MKZ-495x400.jpg' class='lightbox' data-onclick='7' title='Musiciens du MKZ'  ><img decoding=\"async\" fetchpriority=\"high\" class=\"wp-image-13813 avia-img-lazy-loading-not-13813\"   src=\"https:\/\/swissavant.ch\/mediathek\/2026\/04\/Musiker-vom-MKZ-495x400.jpg\" width=\"495\" height=\"400\"  title='Musiciens du MKZ' alt='' \/><div class='big-prev-fake'><img decoding=\"async\" loading=\"lazy\" class=\"wp-image-13813 avia-img-lazy-loading-13813\"  width=\"495\" height=\"400\" src=\"https:\/\/swissavant.ch\/mediathek\/2026\/04\/Musiker-vom-MKZ-495x400.jpg\" title='Musiciens du MKZ' alt='' \/><\/div><\/a><a href=\"https:\/\/swissavant.ch\/mediathek\/2026\/04\/Preistraeger-Jugendliche.jpg\" data-srcset=\"https:\/\/swissavant.ch\/mediathek\/2026\/04\/Preistraeger-Jugendliche.jpg 900w, https:\/\/swissavant.ch\/mediathek\/2026\/04\/Preistraeger-Jugendliche-714x476.jpg 714w, https:\/\/swissavant.ch\/mediathek\/2026\/04\/Preistraeger-Jugendliche-18x12.jpg 18w, https:\/\/swissavant.ch\/mediathek\/2026\/04\/Preistraeger-Jugendliche-705x470.jpg 705w\" data-sizes=\"(max-width: 900px) 100vw, 900px\" data-rel='gallery-1' data-prev-img='https:\/\/swissavant.ch\/mediathek\/2026\/04\/Preistraeger-Jugendliche-495x400.jpg' class='lightbox' data-onclick='8' title='Laur\u00e9ats jeunes'  ><img decoding=\"async\" fetchpriority=\"high\" class=\"wp-image-13816 avia-img-lazy-loading-not-13816\"   src=\"https:\/\/swissavant.ch\/mediathek\/2026\/04\/Preistraeger-Jugendliche-495x400.jpg\" width=\"495\" height=\"400\"  title='Laur\u00e9ats jeunes' alt='' \/><div class='big-prev-fake'><img decoding=\"async\" loading=\"lazy\" class=\"wp-image-13816 avia-img-lazy-loading-13816\"  width=\"495\" height=\"400\" src=\"https:\/\/swissavant.ch\/mediathek\/2026\/04\/Preistraeger-Jugendliche-495x400.jpg\" title='Laur\u00e9ats jeunes' alt='' \/><\/div><\/a><a href=\"https:\/\/swissavant.ch\/mediathek\/2026\/04\/Preistraeger-Loeb.jpg\" data-srcset=\"https:\/\/swissavant.ch\/mediathek\/2026\/04\/Preistraeger-Loeb.jpg 900w, https:\/\/swissavant.ch\/mediathek\/2026\/04\/Preistraeger-Loeb-714x476.jpg 714w, https:\/\/swissavant.ch\/mediathek\/2026\/04\/Preistraeger-Loeb-18x12.jpg 18w, https:\/\/swissavant.ch\/mediathek\/2026\/04\/Preistraeger-Loeb-705x470.jpg 705w\" data-sizes=\"(max-width: 900px) 100vw, 900px\" data-rel='gallery-1' data-prev-img='https:\/\/swissavant.ch\/mediathek\/2026\/04\/Preistraeger-Loeb-495x400.jpg' class='lightbox' data-onclick='9' title='Laur\u00e9at Loeb'  ><img decoding=\"async\" fetchpriority=\"high\" class=\"wp-image-13817 avia-img-lazy-loading-not-13817\"   src=\"https:\/\/swissavant.ch\/mediathek\/2026\/04\/Preistraeger-Loeb-495x400.jpg\" width=\"495\" height=\"400\"  title='Laur\u00e9at Loeb' alt='' \/><div class='big-prev-fake'><img decoding=\"async\" loading=\"lazy\" class=\"wp-image-13817 avia-img-lazy-loading-13817\"  width=\"495\" height=\"400\" src=\"https:\/\/swissavant.ch\/mediathek\/2026\/04\/Preistraeger-Loeb-495x400.jpg\" title='Laur\u00e9at Loeb' alt='' \/><\/div><\/a><a href=\"https:\/\/swissavant.ch\/mediathek\/2026\/04\/Preistraeger-Goetschi.jpg\" data-srcset=\"https:\/\/swissavant.ch\/mediathek\/2026\/04\/Preistraeger-Goetschi.jpg 900w, https:\/\/swissavant.ch\/mediathek\/2026\/04\/Preistraeger-Goetschi-714x476.jpg 714w, https:\/\/swissavant.ch\/mediathek\/2026\/04\/Preistraeger-Goetschi-18x12.jpg 18w, https:\/\/swissavant.ch\/mediathek\/2026\/04\/Preistraeger-Goetschi-705x470.jpg 705w\" data-sizes=\"(max-width: 900px) 100vw, 900px\" data-rel='gallery-1' data-prev-img='https:\/\/swissavant.ch\/mediathek\/2026\/04\/Preistraeger-Goetschi-495x400.jpg' class='lightbox' data-onclick='10' title='Laur\u00e9at G\u00f6tschi'  ><img decoding=\"async\" fetchpriority=\"high\" class=\"wp-image-13815 avia-img-lazy-loading-not-13815\"   src=\"https:\/\/swissavant.ch\/mediathek\/2026\/04\/Preistraeger-Goetschi-495x400.jpg\" width=\"495\" height=\"400\"  title='Laur\u00e9at G\u00f6tschi' alt='' \/><div class='big-prev-fake'><img decoding=\"async\" loading=\"lazy\" class=\"wp-image-13815 avia-img-lazy-loading-13815\"  width=\"495\" height=\"400\" src=\"https:\/\/swissavant.ch\/mediathek\/2026\/04\/Preistraeger-Goetschi-495x400.jpg\" title='Laur\u00e9at G\u00f6tschi' alt='' \/><\/div><\/a><a href=\"https:\/\/swissavant.ch\/mediathek\/2026\/04\/Preistraeger-boesner.jpg\" data-srcset=\"https:\/\/swissavant.ch\/mediathek\/2026\/04\/Preistraeger-boesner.jpg 900w, https:\/\/swissavant.ch\/mediathek\/2026\/04\/Preistraeger-boesner-714x476.jpg 714w, https:\/\/swissavant.ch\/mediathek\/2026\/04\/Preistraeger-boesner-18x12.jpg 18w, https:\/\/swissavant.ch\/mediathek\/2026\/04\/Preistraeger-boesner-705x470.jpg 705w\" data-sizes=\"(max-width: 900px) 100vw, 900px\" data-rel='gallery-1' data-prev-img='https:\/\/swissavant.ch\/mediathek\/2026\/04\/Preistraeger-boesner-495x400.jpg' class='first_thumb lightbox' data-onclick='11' title='Laur\u00e9at boesner'  ><img decoding=\"async\" fetchpriority=\"high\" class=\"wp-image-13814 avia-img-lazy-loading-not-13814\"   src=\"https:\/\/swissavant.ch\/mediathek\/2026\/04\/Preistraeger-boesner-495x400.jpg\" width=\"495\" height=\"400\"  title='Laur\u00e9at boesner' alt='' \/><div class='big-prev-fake'><img decoding=\"async\" loading=\"lazy\" class=\"wp-image-13814 avia-img-lazy-loading-13814\"  width=\"495\" height=\"400\" src=\"https:\/\/swissavant.ch\/mediathek\/2026\/04\/Preistraeger-boesner-495x400.jpg\" title='Laur\u00e9at boesner' alt='' \/><\/div><\/a><a href=\"https:\/\/swissavant.ch\/mediathek\/2026\/04\/Alle-PreistraegerInnen.jpg\" data-srcset=\"https:\/\/swissavant.ch\/mediathek\/2026\/04\/Alle-PreistraegerInnen.jpg 900w, https:\/\/swissavant.ch\/mediathek\/2026\/04\/Alle-PreistraegerInnen-714x476.jpg 714w, https:\/\/swissavant.ch\/mediathek\/2026\/04\/Alle-PreistraegerInnen-18x12.jpg 18w, https:\/\/swissavant.ch\/mediathek\/2026\/04\/Alle-PreistraegerInnen-705x470.jpg 705w\" data-sizes=\"(max-width: 900px) 100vw, 900px\" data-rel='gallery-1' data-prev-img='https:\/\/swissavant.ch\/mediathek\/2026\/04\/Alle-PreistraegerInnen-495x400.jpg' class='lightbox' data-onclick='12' title='Tous les laur\u00e9ats'  ><img decoding=\"async\" fetchpriority=\"high\" class=\"wp-image-13804 avia-img-lazy-loading-not-13804\"   src=\"https:\/\/swissavant.ch\/mediathek\/2026\/04\/Alle-PreistraegerInnen-495x400.jpg\" width=\"495\" height=\"400\"  title='Tous les laur\u00e9ats' alt='' \/><div class='big-prev-fake'><img decoding=\"async\" loading=\"lazy\" class=\"wp-image-13804 avia-img-lazy-loading-13804\"  width=\"495\" height=\"400\" src=\"https:\/\/swissavant.ch\/mediathek\/2026\/04\/Alle-PreistraegerInnen-495x400.jpg\" title='Tous les laur\u00e9ats' alt='' \/><\/div><\/a><a href=\"https:\/\/swissavant.ch\/mediathek\/2026\/04\/Verabschiedung.jpg\" data-srcset=\"https:\/\/swissavant.ch\/mediathek\/2026\/04\/Verabschiedung.jpg 900w, https:\/\/swissavant.ch\/mediathek\/2026\/04\/Verabschiedung-714x476.jpg 714w, https:\/\/swissavant.ch\/mediathek\/2026\/04\/Verabschiedung-18x12.jpg 18w, https:\/\/swissavant.ch\/mediathek\/2026\/04\/Verabschiedung-705x470.jpg 705w\" data-sizes=\"(max-width: 900px) 100vw, 900px\" data-rel='gallery-1' data-prev-img='https:\/\/swissavant.ch\/mediathek\/2026\/04\/Verabschiedung-495x400.jpg' class='lightbox' data-onclick='13' title='Adieu'  ><img decoding=\"async\" fetchpriority=\"high\" class=\"wp-image-13821 avia-img-lazy-loading-not-13821\"   src=\"https:\/\/swissavant.ch\/mediathek\/2026\/04\/Verabschiedung-495x400.jpg\" width=\"495\" height=\"400\"  title='Adieu' alt='' \/><div class='big-prev-fake'><img decoding=\"async\" loading=\"lazy\" class=\"wp-image-13821 avia-img-lazy-loading-13821\"  width=\"495\" height=\"400\" src=\"https:\/\/swissavant.ch\/mediathek\/2026\/04\/Verabschiedung-495x400.jpg\" title='Adieu' alt='' \/><\/div><\/a><a href=\"https:\/\/swissavant.ch\/mediathek\/2026\/04\/GV.jpg\" data-srcset=\"https:\/\/swissavant.ch\/mediathek\/2026\/04\/GV.jpg 900w, https:\/\/swissavant.ch\/mediathek\/2026\/04\/GV-714x476.jpg 714w, https:\/\/swissavant.ch\/mediathek\/2026\/04\/GV-18x12.jpg 18w, https:\/\/swissavant.ch\/mediathek\/2026\/04\/GV-705x470.jpg 705w\" data-sizes=\"(max-width: 900px) 100vw, 900px\" data-rel='gallery-1' data-prev-img='https:\/\/swissavant.ch\/mediathek\/2026\/04\/GV-495x400.jpg' class='lightbox' data-onclick='14' title='GV'  ><img decoding=\"async\" fetchpriority=\"high\" class=\"wp-image-13807 avia-img-lazy-loading-not-13807\"   src=\"https:\/\/swissavant.ch\/mediathek\/2026\/04\/GV-495x400.jpg\" width=\"495\" height=\"400\"  title='GV' alt='' \/><div class='big-prev-fake'><img decoding=\"async\" loading=\"lazy\" class=\"wp-image-13807 avia-img-lazy-loading-13807\"  width=\"495\" height=\"400\" src=\"https:\/\/swissavant.ch\/mediathek\/2026\/04\/GV-495x400.jpg\" title='GV' alt='' \/><\/div><\/a><a href=\"https:\/\/swissavant.ch\/mediathek\/2026\/04\/GV6.jpg\" data-srcset=\"https:\/\/swissavant.ch\/mediathek\/2026\/04\/GV6.jpg 900w, https:\/\/swissavant.ch\/mediathek\/2026\/04\/GV6-714x476.jpg 714w, https:\/\/swissavant.ch\/mediathek\/2026\/04\/GV6-18x12.jpg 18w, https:\/\/swissavant.ch\/mediathek\/2026\/04\/GV6-705x470.jpg 705w\" data-sizes=\"(max-width: 900px) 100vw, 900px\" data-rel='gallery-1' data-prev-img='https:\/\/swissavant.ch\/mediathek\/2026\/04\/GV6-495x400.jpg' class='lightbox' data-onclick='15' title='GV6'  ><img decoding=\"async\" fetchpriority=\"high\" class=\"wp-image-13823 avia-img-lazy-loading-not-13823\"   src=\"https:\/\/swissavant.ch\/mediathek\/2026\/04\/GV6-495x400.jpg\" width=\"495\" height=\"400\"  title='GV6' alt='' \/><div class='big-prev-fake'><img decoding=\"async\" loading=\"lazy\" class=\"wp-image-13823 avia-img-lazy-loading-13823\"  width=\"495\" height=\"400\" src=\"https:\/\/swissavant.ch\/mediathek\/2026\/04\/GV6-495x400.jpg\" title='GV6' alt='' \/><\/div><\/a><a href=\"https:\/\/swissavant.ch\/mediathek\/2026\/04\/GV2.jpg\" data-srcset=\"https:\/\/swissavant.ch\/mediathek\/2026\/04\/GV2.jpg 900w, https:\/\/swissavant.ch\/mediathek\/2026\/04\/GV2-714x476.jpg 714w, https:\/\/swissavant.ch\/mediathek\/2026\/04\/GV2-18x12.jpg 18w, https:\/\/swissavant.ch\/mediathek\/2026\/04\/GV2-705x470.jpg 705w\" data-sizes=\"(max-width: 900px) 100vw, 900px\" data-rel='gallery-1' data-prev-img='https:\/\/swissavant.ch\/mediathek\/2026\/04\/GV2-495x400.jpg' class='first_thumb lightbox' data-onclick='16' title='GV2'  ><img decoding=\"async\" fetchpriority=\"high\" class=\"wp-image-13809 avia-img-lazy-loading-not-13809\"   src=\"https:\/\/swissavant.ch\/mediathek\/2026\/04\/GV2-495x400.jpg\" width=\"495\" height=\"400\"  title='GV2' alt='' \/><div class='big-prev-fake'><img decoding=\"async\" loading=\"lazy\" class=\"wp-image-13809 avia-img-lazy-loading-13809\"  width=\"495\" height=\"400\" src=\"https:\/\/swissavant.ch\/mediathek\/2026\/04\/GV2-495x400.jpg\" title='GV2' alt='' \/><\/div><\/a><a href=\"https:\/\/swissavant.ch\/mediathek\/2026\/04\/GV1.jpg\" data-srcset=\"https:\/\/swissavant.ch\/mediathek\/2026\/04\/GV1.jpg 900w, https:\/\/swissavant.ch\/mediathek\/2026\/04\/GV1-714x476.jpg 714w, https:\/\/swissavant.ch\/mediathek\/2026\/04\/GV1-18x12.jpg 18w, https:\/\/swissavant.ch\/mediathek\/2026\/04\/GV1-705x470.jpg 705w\" data-sizes=\"(max-width: 900px) 100vw, 900px\" data-rel='gallery-1' data-prev-img='https:\/\/swissavant.ch\/mediathek\/2026\/04\/GV1-495x400.jpg' class='lightbox' data-onclick='17' title='GV1'  ><img decoding=\"async\" fetchpriority=\"high\" class=\"wp-image-13808 avia-img-lazy-loading-not-13808\"   src=\"https:\/\/swissavant.ch\/mediathek\/2026\/04\/GV1-495x400.jpg\" width=\"495\" height=\"400\"  title='GV1' alt='' \/><div class='big-prev-fake'><img decoding=\"async\" loading=\"lazy\" class=\"wp-image-13808 avia-img-lazy-loading-13808\"  width=\"495\" height=\"400\" src=\"https:\/\/swissavant.ch\/mediathek\/2026\/04\/GV1-495x400.jpg\" title='GV1' alt='' \/><\/div><\/a><a href=\"https:\/\/swissavant.ch\/mediathek\/2026\/04\/GV3.jpg\" data-srcset=\"https:\/\/swissavant.ch\/mediathek\/2026\/04\/GV3.jpg 900w, https:\/\/swissavant.ch\/mediathek\/2026\/04\/GV3-714x476.jpg 714w, https:\/\/swissavant.ch\/mediathek\/2026\/04\/GV3-18x12.jpg 18w, https:\/\/swissavant.ch\/mediathek\/2026\/04\/GV3-705x470.jpg 705w\" data-sizes=\"(max-width: 900px) 100vw, 900px\" data-rel='gallery-1' data-prev-img='https:\/\/swissavant.ch\/mediathek\/2026\/04\/GV3-495x400.jpg' class='lightbox' data-onclick='18' title='GV3'  ><img decoding=\"async\" fetchpriority=\"high\" class=\"wp-image-13810 avia-img-lazy-loading-not-13810\"   src=\"https:\/\/swissavant.ch\/mediathek\/2026\/04\/GV3-495x400.jpg\" width=\"495\" height=\"400\"  title='GV3' alt='' \/><div class='big-prev-fake'><img decoding=\"async\" loading=\"lazy\" class=\"wp-image-13810 avia-img-lazy-loading-13810\"  width=\"495\" height=\"400\" src=\"https:\/\/swissavant.ch\/mediathek\/2026\/04\/GV3-495x400.jpg\" title='GV3' alt='' \/><\/div><\/a><a href=\"https:\/\/swissavant.ch\/mediathek\/2026\/04\/GV4.jpg\" data-srcset=\"https:\/\/swissavant.ch\/mediathek\/2026\/04\/GV4.jpg 900w, https:\/\/swissavant.ch\/mediathek\/2026\/04\/GV4-714x476.jpg 714w, https:\/\/swissavant.ch\/mediathek\/2026\/04\/GV4-18x12.jpg 18w, https:\/\/swissavant.ch\/mediathek\/2026\/04\/GV4-705x470.jpg 705w\" data-sizes=\"(max-width: 900px) 100vw, 900px\" data-rel='gallery-1' data-prev-img='https:\/\/swissavant.ch\/mediathek\/2026\/04\/GV4-495x400.jpg' class='lightbox' data-onclick='19' title='GV4'  ><img decoding=\"async\" fetchpriority=\"high\" class=\"wp-image-13811 avia-img-lazy-loading-not-13811\"   src=\"https:\/\/swissavant.ch\/mediathek\/2026\/04\/GV4-495x400.jpg\" width=\"495\" height=\"400\"  title='GV4' alt='' \/><div class='big-prev-fake'><img decoding=\"async\" loading=\"lazy\" class=\"wp-image-13811 avia-img-lazy-loading-13811\"  width=\"495\" height=\"400\" src=\"https:\/\/swissavant.ch\/mediathek\/2026\/04\/GV4-495x400.jpg\" title='GV4' alt='' \/><\/div><\/a><a href=\"https:\/\/swissavant.ch\/mediathek\/2026\/04\/GV5.jpg\" data-srcset=\"https:\/\/swissavant.ch\/mediathek\/2026\/04\/GV5.jpg 900w, https:\/\/swissavant.ch\/mediathek\/2026\/04\/GV5-714x476.jpg 714w, https:\/\/swissavant.ch\/mediathek\/2026\/04\/GV5-18x12.jpg 18w, https:\/\/swissavant.ch\/mediathek\/2026\/04\/GV5-705x470.jpg 705w\" data-sizes=\"(max-width: 900px) 100vw, 900px\" data-rel='gallery-1' data-prev-img='https:\/\/swissavant.ch\/mediathek\/2026\/04\/GV5-495x400.jpg' class='lightbox' data-onclick='20' title='GV5'  ><img decoding=\"async\" fetchpriority=\"high\" class=\"wp-image-13812 avia-img-lazy-loading-not-13812\"   src=\"https:\/\/swissavant.ch\/mediathek\/2026\/04\/GV5-495x400.jpg\" width=\"495\" height=\"400\"  title='GV5' alt='' \/><div class='big-prev-fake'><img decoding=\"async\" loading=\"lazy\" class=\"wp-image-13812 avia-img-lazy-loading-13812\"  width=\"495\" height=\"400\" src=\"https:\/\/swissavant.ch\/mediathek\/2026\/04\/GV5-495x400.jpg\" title='GV5' alt='' \/><\/div><\/a><\/div><\/div>\n<\/div><\/div><\/div><!-- close content main div --><\/div><\/div><div id='av_section_2'  class='avia-section av-7w3pd8-d92f172d4a34b83aac7070a3aa02574e alternate_color avia-section-huge avia-shadow  avia-builder-el-31  el_after_av_gallery  avia-builder-el-last  avia-bg-style-scroll container_wrap fullsize'  ><div class='container av-section-cont-open' ><div class='template-page content  av-content-full alpha units'><div class='post-entry post-entry-type-page post-entry-3788'><div class='entry-content-wrapper clearfix'>\n<div  class='flex_column av-5ftjsc-034123fd71799fb0468338fc5acaf5a5 av_one_third  avia-builder-el-32  el_before_av_two_third  avia-builder-el-first  first flex_column_div'     ><style type=\"text\/css\" data-created_by=\"avia_inline_auto\" id=\"style-css-av-l9s54mw3-abdc37ea9c862c33411fef22fb0825f8\">\n.avia-image-container.av-l9s54mw3-abdc37ea9c862c33411fef22fb0825f8 img.avia_image{\nbox-shadow:none;\n}\n.avia-image-container.av-l9s54mw3-abdc37ea9c862c33411fef22fb0825f8 .av-image-caption-overlay-center{\ncolor:#ffffff;\n}\n<\/style>\n<div  class='avia-image-container av-l9s54mw3-abdc37ea9c862c33411fef22fb0825f8 av-styling-circle avia-align-center  avia-builder-el-33  avia-builder-el-no-sibling'  ><div class=\"avia-image-container-inner\"><div class=\"avia-image-overlay-wrap\"><img decoding=\"async\" fetchpriority=\"high\" class='wp-image-12090 avia-img-lazy-loading-not-12090 avia_image' src=\"https:\/\/swissavant.ch\/mediathek\/2024\/04\/Feierabend_Kevin_800x800-2-714x714.jpg\" alt='' title='Feierabend_Kevin_800x800'  height=\"714\" width=\"714\" srcset=\"https:\/\/swissavant.ch\/mediathek\/2024\/04\/Feierabend_Kevin_800x800-2-714x714.jpg 714w, https:\/\/swissavant.ch\/mediathek\/2024\/04\/Feierabend_Kevin_800x800-2-80x80.jpg 80w, https:\/\/swissavant.ch\/mediathek\/2024\/04\/Feierabend_Kevin_800x800-2-12x12.jpg 12w, https:\/\/swissavant.ch\/mediathek\/2024\/04\/Feierabend_Kevin_800x800-2-36x36.jpg 36w, https:\/\/swissavant.ch\/mediathek\/2024\/04\/Feierabend_Kevin_800x800-2-180x180.jpg 180w, https:\/\/swissavant.ch\/mediathek\/2024\/04\/Feierabend_Kevin_800x800-2-705x705.jpg 705w, https:\/\/swissavant.ch\/mediathek\/2024\/04\/Feierabend_Kevin_800x800-2.jpg 800w\" sizes=\"(max-width: 714px) 100vw, 714px\" \/><\/div><\/div><\/div><\/div><div  class='flex_column av-4euqu4-9f570c8504c9760ab868b5d7260f18f0 av_two_third  avia-builder-el-34  el_after_av_one_third  avia-builder-el-last  flex_column_div'     ><p>\n<style type=\"text\/css\" data-created_by=\"avia_inline_auto\" id=\"style-css-av-2ckhos-bffd534de6c6c1e1a21f881f9dec21ae\">\n.av_font_icon.av-2ckhos-bffd534de6c6c1e1a21f881f9dec21ae{\ncolor:#009fe4;\nborder-color:#009fe4;\n}\n.avia-svg-icon.av-2ckhos-bffd534de6c6c1e1a21f881f9dec21ae svg:first-child{\nstroke:#009fe4;\nfill:#009fe4;\n}\n.av_font_icon.av-2ckhos-bffd534de6c6c1e1a21f881f9dec21ae .av-icon-char{\nfont-size:70px;\nline-height:70px;\n}\n<\/style>\n<span  class='av_font_icon av-2ckhos-bffd534de6c6c1e1a21f881f9dec21ae avia_animate_when_visible av-icon-style- avia-icon-pos-center avia-iconfont avia-font-entypo-fontello avia-icon-animate'><span class='av-icon-char' data-av_icon='\ue833' data-av_iconfont='entypo-fontello' aria-hidden=\"true\" ><\/span><\/span><br \/>\n\n<style type=\"text\/css\" data-created_by=\"avia_inline_auto\" id=\"style-css-av-l9s59nvq-8b5f1f316de9b919548bd47073ea437e\">\n#top .av_textblock_section.av-l9s59nvq-8b5f1f316de9b919548bd47073ea437e .avia_textblock{\nfont-size:20px;\n}\n<\/style>\n<section  class='av_textblock_section av-l9s59nvq-8b5f1f316de9b919548bd47073ea437e'  ><div class='avia_textblock' ><p style=\"text-align: center;\">L'assembl\u00e9e g\u00e9n\u00e9rale fait partie des temps forts de l'association et propose, outre le r\u00e9seautage, des expos\u00e9s techniques int\u00e9ressants ainsi qu'une remise de prix.<br \/>\nSwissavant est une entreprise: Le prestataire de services complet de la branche pour les membres et les fournisseurs.<\/p>\n<\/div><\/section><br \/>\n\n<style type=\"text\/css\" data-created_by=\"avia_inline_auto\" id=\"style-css-av-l9s59v0p-870baa4b505838e835d6ae6c627389ea\">\n#top .av_textblock_section.av-l9s59v0p-870baa4b505838e835d6ae6c627389ea .avia_textblock{\nfont-size:22px;\ncolor:#009fe4;\n}\n<\/style>\n<section  class='av_textblock_section av-l9s59v0p-870baa4b505838e835d6ae6c627389ea'  ><div class='avia_textblock av_inherit_color' ><p style=\"text-align: center;\">Kevin Feierabend<\/p>\n<\/div><\/section><br \/>\n\n<style type=\"text\/css\" data-created_by=\"avia_inline_auto\" id=\"style-css-av-l9s5a31t-128e9cc372f15bd160d186398b3d8228\">\n#top .av_textblock_section.av-l9s5a31t-128e9cc372f15bd160d186398b3d8228 .avia_textblock{\nfont-size:15px;\n}\n<\/style>\n<section  class='av_textblock_section av-l9s5a31t-128e9cc372f15bd160d186398b3d8228'  ><div class='avia_textblock' ><p style=\"text-align: center;\">Pr\u00e9sident de Swissavant<\/p>\n<\/div><\/section><\/p><\/div>","protected":false},"excerpt":{"rendered":"<p>L'assembl\u00e9e g\u00e9n\u00e9rale est l'organe supr\u00eame, le pouvoir l\u00e9gislatif de Swissavant - Association \u00e9conomique Artisanat et M\u00e9nage. Compl\u00e9t\u00e9e par des expos\u00e9s d'actualit\u00e9 et des tables rondes de haut niveau, l'assembl\u00e9e est toujours int\u00e9gr\u00e9e \u00e0 la \u00abJourn\u00e9e nationale de la branche\u00bb, \u00e9v\u00e9nement de grande qualit\u00e9 auquel il vaut la peine de participer.<\/p>","protected":false},"author":12,"featured_media":0,"parent":64,"menu_order":3,"comment_status":"closed","ping_status":"closed","template":"","meta":{"_acf_changed":false,"_monsterinsights_skip_tracking":false,"_monsterinsights_sitenote_active":false,"_monsterinsights_sitenote_note":"","_monsterinsights_sitenote_category":0,"footnotes":""},"folder":[],"class_list":["post-3788","page","type-page","status-publish","hentry"],"acf":[],"yoast_head":"<!-- This site is optimized with the Yoast SEO plugin v26.8 - https:\/\/yoast.com\/product\/yoast-seo-wordpress\/ -->\n<title>Swissavant-Generalversammlung: Referate und Podien<\/title>\n<meta name=\"description\" content=\"Erg\u00e4nzt wird die Swissavant-GV durch aktuelle Referate und hochkar\u00e4tige Podien und ist in den \u00abNationalen Branchentag\u00bb eingebunden.\" \/>\n<meta name=\"robots\" content=\"index, follow, max-snippet:-1, max-image-preview:large, max-video-preview:-1\" \/>\n<link rel=\"canonical\" href=\"https:\/\/swissavant.ch\/fr\/association\/assemblee-generale\/\" \/>\n<meta property=\"og:locale\" content=\"fr_FR\" \/>\n<meta property=\"og:type\" content=\"article\" \/>\n<meta property=\"og:title\" content=\"Swissavant-Generalversammlung: Referate und Podien\" \/>\n<meta property=\"og:description\" content=\"Erg\u00e4nzt wird die Swissavant-GV durch aktuelle Referate und hochkar\u00e4tige Podien und ist in den \u00abNationalen Branchentag\u00bb eingebunden.\" \/>\n<meta property=\"og:url\" content=\"https:\/\/swissavant.ch\/fr\/association\/assemblee-generale\/\" \/>\n<meta property=\"og:site_name\" content=\"Swissavant\" \/>\n<meta property=\"article:modified_time\" content=\"2026-04-17T12:44:16+00:00\" \/>\n<meta name=\"twitter:label1\" content=\"Dur\u00e9e de lecture estim\u00e9e\" \/>\n\t<meta name=\"twitter:data1\" content=\"11 minutes\" \/>\n<script type=\"application\/ld+json\" class=\"yoast-schema-graph\">{\"@context\":\"https:\/\/schema.org\",\"@graph\":[{\"@type\":\"WebPage\",\"@id\":\"https:\/\/swissavant.ch\/verband\/generalversammlung\/\",\"url\":\"https:\/\/swissavant.ch\/verband\/generalversammlung\/\",\"name\":\"Swissavant-Generalversammlung: Referate und Podien\",\"isPartOf\":{\"@id\":\"https:\/\/swissavant.ch\/#website\"},\"datePublished\":\"2017-06-09T13:42:06+00:00\",\"dateModified\":\"2026-04-17T12:44:16+00:00\",\"description\":\"Erg\u00e4nzt wird die Swissavant-GV durch aktuelle Referate und hochkar\u00e4tige Podien und ist in den \u00abNationalen Branchentag\u00bb eingebunden.\",\"breadcrumb\":{\"@id\":\"https:\/\/swissavant.ch\/verband\/generalversammlung\/#breadcrumb\"},\"inLanguage\":\"fr-FR\",\"potentialAction\":[{\"@type\":\"ReadAction\",\"target\":[\"https:\/\/swissavant.ch\/verband\/generalversammlung\/\"]}]},{\"@type\":\"BreadcrumbList\",\"@id\":\"https:\/\/swissavant.ch\/verband\/generalversammlung\/#breadcrumb\",\"itemListElement\":[{\"@type\":\"ListItem\",\"position\":1,\"name\":\"Home\",\"item\":\"https:\/\/swissavant.ch\/home\/\"},{\"@type\":\"ListItem\",\"position\":2,\"name\":\"Verband\",\"item\":\"https:\/\/swissavant.ch\/verband\/\"},{\"@type\":\"ListItem\",\"position\":3,\"name\":\"Generalversammlung\"}]},{\"@type\":\"WebSite\",\"@id\":\"https:\/\/swissavant.ch\/#website\",\"url\":\"https:\/\/swissavant.ch\/\",\"name\":\"Swissavant\",\"description\":\"Swissavant\",\"potentialAction\":[{\"@type\":\"SearchAction\",\"target\":{\"@type\":\"EntryPoint\",\"urlTemplate\":\"https:\/\/swissavant.ch\/?s={search_term_string}\"},\"query-input\":{\"@type\":\"PropertyValueSpecification\",\"valueRequired\":true,\"valueName\":\"search_term_string\"}}],\"inLanguage\":\"fr-FR\"}]}<\/script>\n<!-- \/ Yoast SEO plugin. -->","yoast_head_json":{"title":"Assembl\u00e9e g\u00e9n\u00e9rale de Swissavant : expos\u00e9s et tables rondes","description":"L'AG de Swissavant sera compl\u00e9t\u00e9e par des expos\u00e9s d'actualit\u00e9 et des podiums de haut niveau et sera int\u00e9gr\u00e9e \u00e0 la \"Journ\u00e9e nationale de la branche\".","robots":{"index":"index","follow":"follow","max-snippet":"max-snippet:-1","max-image-preview":"max-image-preview:large","max-video-preview":"max-video-preview:-1"},"canonical":"https:\/\/swissavant.ch\/fr\/association\/assemblee-generale\/","og_locale":"fr_FR","og_type":"article","og_title":"Swissavant-Generalversammlung: Referate und Podien","og_description":"Erg\u00e4nzt wird die Swissavant-GV durch aktuelle Referate und hochkar\u00e4tige Podien und ist in den \u00abNationalen Branchentag\u00bb eingebunden.","og_url":"https:\/\/swissavant.ch\/fr\/association\/assemblee-generale\/","og_site_name":"Swissavant","article_modified_time":"2026-04-17T12:44:16+00:00","twitter_misc":{"Dur\u00e9e de lecture estim\u00e9e":"11 minutes"},"schema":{"@context":"https:\/\/schema.org","@graph":[{"@type":"WebPage","@id":"https:\/\/swissavant.ch\/verband\/generalversammlung\/","url":"https:\/\/swissavant.ch\/verband\/generalversammlung\/","name":"Assembl\u00e9e g\u00e9n\u00e9rale de Swissavant : expos\u00e9s et tables rondes","isPartOf":{"@id":"https:\/\/swissavant.ch\/#website"},"datePublished":"2017-06-09T13:42:06+00:00","dateModified":"2026-04-17T12:44:16+00:00","description":"L'AG de Swissavant sera compl\u00e9t\u00e9e par des expos\u00e9s d'actualit\u00e9 et des podiums de haut niveau et sera int\u00e9gr\u00e9e \u00e0 la \"Journ\u00e9e nationale de la branche\".","breadcrumb":{"@id":"https:\/\/swissavant.ch\/verband\/generalversammlung\/#breadcrumb"},"inLanguage":"fr-FR","potentialAction":[{"@type":"ReadAction","target":["https:\/\/swissavant.ch\/verband\/generalversammlung\/"]}]},{"@type":"BreadcrumbList","@id":"https:\/\/swissavant.ch\/verband\/generalversammlung\/#breadcrumb","itemListElement":[{"@type":"ListItem","position":1,"name":"Home","item":"https:\/\/swissavant.ch\/home\/"},{"@type":"ListItem","position":2,"name":"Verband","item":"https:\/\/swissavant.ch\/verband\/"},{"@type":"ListItem","position":3,"name":"Generalversammlung"}]},{"@type":"WebSite","@id":"https:\/\/swissavant.ch\/#website","url":"https:\/\/swissavant.ch\/","name":"Swissavant","description":"Swissavant","potentialAction":[{"@type":"SearchAction","target":{"@type":"EntryPoint","urlTemplate":"https:\/\/swissavant.ch\/?s={search_term_string}"},"query-input":{"@type":"PropertyValueSpecification","valueRequired":true,"valueName":"search_term_string"}}],"inLanguage":"fr-FR"}]}},"_links":{"self":[{"href":"https:\/\/swissavant.ch\/fr\/wp-json\/wp\/v2\/pages\/3788","targetHints":{"allow":["GET"]}}],"collection":[{"href":"https:\/\/swissavant.ch\/fr\/wp-json\/wp\/v2\/pages"}],"about":[{"href":"https:\/\/swissavant.ch\/fr\/wp-json\/wp\/v2\/types\/page"}],"author":[{"embeddable":true,"href":"https:\/\/swissavant.ch\/fr\/wp-json\/wp\/v2\/users\/12"}],"replies":[{"embeddable":true,"href":"https:\/\/swissavant.ch\/fr\/wp-json\/wp\/v2\/comments?post=3788"}],"version-history":[{"count":10,"href":"https:\/\/swissavant.ch\/fr\/wp-json\/wp\/v2\/pages\/3788\/revisions"}],"predecessor-version":[{"id":13866,"href":"https:\/\/swissavant.ch\/fr\/wp-json\/wp\/v2\/pages\/3788\/revisions\/13866"}],"up":[{"embeddable":true,"href":"https:\/\/swissavant.ch\/fr\/wp-json\/wp\/v2\/pages\/64"}],"wp:attachment":[{"href":"https:\/\/swissavant.ch\/fr\/wp-json\/wp\/v2\/media?parent=3788"}],"wp:term":[{"taxonomy":"folder","embeddable":true,"href":"https:\/\/swissavant.ch\/fr\/wp-json\/wp\/v2\/folder?post=3788"}],"curies":[{"name":"wp","href":"https:\/\/api.w.org\/{rel}","templated":true}]}}