{"id":3924,"date":"2017-06-15T18:36:40","date_gmt":"2017-06-15T16:36:40","guid":{"rendered":"https:\/\/swissavant.aretiswebseiten.ch\/?page_id=3924"},"modified":"2025-06-13T14:38:19","modified_gmt":"2025-06-13T12:38:19","slug":"foerderstiftung-polaris","status":"publish","type":"page","link":"https:\/\/swissavant.ch\/fr\/reseau\/foerderstiftung-polaris\/","title":{"rendered":"Fondation polaris"},"content":{"rendered":"<div id='av-layout-grid-1'  class='av-layout-grid-container av-570jus-9ce6981af45d4f590ae6089e9ca2c073 entry-content-wrapper main_color av-flex-cells  avia-builder-el-0  el_before_av_section  avia-builder-el-first   container_wrap fullsize'  >\n\n<style type=\"text\/css\" data-created_by=\"avia_inline_auto\" id=\"style-css-av-ews0k-fb2b9d78c095619bbd70682d19ab03db\">\n.flex_cell.av-ews0k-fb2b9d78c095619bbd70682d19ab03db{\nvertical-align:middle;\nheight:400px;\nmin-height:400px;\nbackground-color:#009fe4;\n}\n.responsive #top #wrap_all .flex_cell.av-ews0k-fb2b9d78c095619bbd70682d19ab03db{\npadding:40px 60px 40px 60px !important;\n}\n<\/style>\n<div class='flex_cell av-ews0k-fb2b9d78c095619bbd70682d19ab03db av-gridrow-cell av_one_third no_margin  avia-builder-el-1  el_before_av_cell_one_third  avia-builder-el-first  content-align-middle'  ><div class='flex_cell_inner'>\n<style type=\"text\/css\" data-created_by=\"avia_inline_auto\" id=\"style-css-av-l8w0fev6-71271739000947ee5d3e667dd40c174d\">\n#top .av-special-heading.av-l8w0fev6-71271739000947ee5d3e667dd40c174d{\npadding-bottom:10px;\ncolor:#ffffff;\n}\nbody .av-special-heading.av-l8w0fev6-71271739000947ee5d3e667dd40c174d .av-special-heading-tag .heading-char{\nfont-size:25px;\n}\n.av-special-heading.av-l8w0fev6-71271739000947ee5d3e667dd40c174d .special-heading-inner-border{\nborder-color:#ffffff;\n}\n.av-special-heading.av-l8w0fev6-71271739000947ee5d3e667dd40c174d .av-subheading{\nfont-size:15px;\n}\n<\/style>\n<div  class='av-special-heading av-l8w0fev6-71271739000947ee5d3e667dd40c174d av-special-heading-h1 custom-color-heading blockquote modern-quote  avia-builder-el-2  avia-builder-el-no-sibling'><h1 class='av-special-heading-tag'  > Fondation polaris <\/h1><div class='av_custom_color av-subheading av-subheading_below'><p>Pour une jeunesse professionnelle motiv\u00e9e<\/p>\n<\/div><div class=\"special-heading-border\"><div class=\"special-heading-inner-border\"><\/div><\/div><\/div>\n<\/div><\/div>\n<style type=\"text\/css\" data-created_by=\"avia_inline_auto\" id=\"style-css-av-2of0qc-9dddffbeeb796c6246e2ca29e4361c8e\">\n.flex_cell.av-2of0qc-9dddffbeeb796c6246e2ca29e4361c8e{\nvertical-align:middle;\nheight:400px;\nmin-height:400px;\nbackground-color:#e5e8eb;\n}\n.responsive #top #wrap_all .flex_cell.av-2of0qc-9dddffbeeb796c6246e2ca29e4361c8e{\npadding:40px 60px 40px 60px !important;\n}\n<\/style>\n<div class='flex_cell av-2of0qc-9dddffbeeb796c6246e2ca29e4361c8e av-gridrow-cell av_one_third no_margin  avia-builder-el-3  el_after_av_cell_one_third  el_before_av_cell_one_third  content-align-middle'  ><div class='flex_cell_inner'><p>\n<style type=\"text\/css\" data-created_by=\"avia_inline_auto\" id=\"style-css-av-17wndjo-24751405e586003eca62bd198e811de4\">\n.av_font_icon.av-17wndjo-24751405e586003eca62bd198e811de4{\ncolor:#009fe3;\nborder-color:#009fe3;\n}\n.avia-svg-icon.av-17wndjo-24751405e586003eca62bd198e811de4 svg:first-child{\nstroke:#009fe3;\nfill:#009fe3;\n}\n.av_font_icon.av-17wndjo-24751405e586003eca62bd198e811de4 .av-icon-char{\nfont-size:40px;\nline-height:40px;\n}\n<\/style>\n<span  class='av_font_icon av-17wndjo-24751405e586003eca62bd198e811de4 avia_animate_when_visible av-icon-style- avia-icon-pos-left avia-iconfont avia-font-entypo-fontello avia-icon-animate'><span class='av-icon-char' data-av_icon='\ue87f' data-av_iconfont='entypo-fontello' aria-hidden=\"true\" ><\/span><\/span><br \/>\n\n<style type=\"text\/css\" data-created_by=\"avia_inline_auto\" id=\"style-css-av-l8w0fqzj-b1ee0ad4c72979afb091567efa7d2cd2\">\n#top .av_textblock_section.av-l8w0fqzj-b1ee0ad4c72979afb091567efa7d2cd2 .avia_textblock{\nfont-size:19px;\n}\n<\/style>\n<section  class='av_textblock_section av-l8w0fqzj-b1ee0ad4c72979afb091567efa7d2cd2'  ><div class='avia_textblock' ><p>Depuis 2009, la fondation polaris se consacre de fa\u00e7on cibl\u00e9e et durable \u00e0 promouvoir la rel\u00e8ve professionnelle et \u00e0 augmenter la sensibilit\u00e9 du public aux avantages du syst\u00e8me de formation dual - en particulier dans le commerce suisse de d\u00e9tail.<\/p>\n<\/div><\/section><\/p>\n<\/div><\/div>\n<style type=\"text\/css\" data-created_by=\"avia_inline_auto\" id=\"style-css-av-lac78yzz-65a3e37d23bec58796bbdcf3397c0272\">\n.flex_cell.av-lac78yzz-65a3e37d23bec58796bbdcf3397c0272{\nvertical-align:top;\nheight:400px;\nmin-height:400px;\nbackground:url(https:\/\/swissavant.ch\/mediathek\/2022\/11\/Leistungsbericht-verkleinert.jpg) 50% 0% no-repeat scroll ;\n}\n<\/style>\n<div class='flex_cell av-lac78yzz-65a3e37d23bec58796bbdcf3397c0272 av-gridrow-cell av_one_third no_margin  avia-builder-el-6  el_after_av_cell_one_third  avia-builder-el-last  content-align-top avia-full-stretch'  ><div class='flex_cell_inner'><\/div><\/div>\n<\/div>\n<div id='av_section_1'  class='avia-section av-l8w0mjr6-645de0d8e5aaa71ab8b55914a0d895f7 main_color avia-section-huge avia-no-border-styling  avia-builder-el-7  el_after_av_layout_row  el_before_av_section  avia-bg-style-scroll container_wrap fullsize'  ><div class='container av-section-cont-open' ><div class='template-page content  av-content-full alpha units'><div class='post-entry post-entry-type-page post-entry-3924'><div class='entry-content-wrapper clearfix'>\n<div  class='flex_column av-424pqs-95cfbe15c7996193254a4008d6237727 av_one_half  avia-builder-el-8  el_before_av_one_half  avia-builder-el-first  first flex_column_div'     ><style type=\"text\/css\" data-created_by=\"avia_inline_auto\" id=\"style-css-av-l8w0mxlv-b883688503291f0fc7fbc123c8ed8a48\">\n.avia-image-container.av-l8w0mxlv-b883688503291f0fc7fbc123c8ed8a48 img.avia_image{\nbox-shadow:none;\n}\n.avia-image-container.av-l8w0mxlv-b883688503291f0fc7fbc123c8ed8a48 .av-image-caption-overlay-center{\ncolor:#ffffff;\n}\n<\/style>\n<div  class='avia-image-container av-l8w0mxlv-b883688503291f0fc7fbc123c8ed8a48 av-styling- avia-align-center  avia-builder-el-9  avia-builder-el-no-sibling'  ><div class=\"avia-image-container-inner\"><div class=\"avia-image-overlay-wrap\"><img decoding=\"async\" fetchpriority=\"high\" class='wp-image-8600 avia-img-lazy-loading-not-8600 avia_image' src=\"https:\/\/swissavant.ch\/mediathek\/2022\/10\/polaris-714x476.jpg\" alt='' title=''  height=\"476\" width=\"714\" srcset=\"https:\/\/swissavant.ch\/mediathek\/2022\/10\/polaris-714x476.jpg 714w, https:\/\/swissavant.ch\/mediathek\/2022\/10\/polaris-705x470.jpg 705w, https:\/\/swissavant.ch\/mediathek\/2022\/10\/polaris.jpg 1000w\" sizes=\"(max-width: 714px) 100vw, 714px\" \/><\/div><\/div><\/div><\/div><div  class='flex_column av-28lqwk-df55eb708806ef6506ba94f2d6e531a2 av_one_half  avia-builder-el-10  el_after_av_one_half  avia-builder-el-last  flex_column_div'     ><p>\n<style type=\"text\/css\" data-created_by=\"avia_inline_auto\" id=\"style-css-av-l8w0n73d-3b75b341f96ffbe296ccf7b9297ce50f\">\n#top .av-special-heading.av-l8w0n73d-3b75b341f96ffbe296ccf7b9297ce50f{\npadding-bottom:10px;\n}\nbody .av-special-heading.av-l8w0n73d-3b75b341f96ffbe296ccf7b9297ce50f .av-special-heading-tag .heading-char{\nfont-size:25px;\n}\n.av-special-heading.av-l8w0n73d-3b75b341f96ffbe296ccf7b9297ce50f .av-subheading{\nfont-size:15px;\n}\n<\/style>\n<div  class='av-special-heading av-l8w0n73d-3b75b341f96ffbe296ccf7b9297ce50f av-special-heading-h3 blockquote modern-quote  avia-builder-el-11  el_before_av_textblock  avia-builder-el-first'><h3 class='av-special-heading-tag'  >Promotion de la jeunesse professionnelle<\/h3><div class=\"special-heading-border\"><div class=\"special-heading-inner-border\"><\/div><\/div><\/div><br \/>\n<section  class='av_textblock_section av-l8w0ngc4-a1ddd4a76f2bcb4bfad47ad54ef76092'  ><div class='avia_textblock' ><p>Pour l'\u00e9conomie suisse, le syst\u00e8me de formation dual dans la formation professionnelle est un mod\u00e8le de r\u00e9ussite incontest\u00e9. La fondation polaris a \u00e9t\u00e9 cr\u00e9\u00e9e en 2009 pour encourager et promouvoir une jeunesse professionnelle performante et avide de connaissances. Il est bien connu qu'une jeunesse professionnelle motiv\u00e9e et disposant de possibilit\u00e9s de carri\u00e8re attrayantes est aujourd'hui garante de prosp\u00e9rit\u00e9 future de la branche gr\u00e2ce \u00e0 des cadres sup\u00e9rieurs orient\u00e9s vers la performance.<\/p>\n<\/div><\/section><br \/>\n\n<style type=\"text\/css\" data-created_by=\"avia_inline_auto\" id=\"style-css-av-l8w0p41j-2898c983194bd8b174020dcb9e8b70d1\">\n#top .hr.hr-invisible.av-l8w0p41j-2898c983194bd8b174020dcb9e8b70d1{\nheight:15px;\n}\n<\/style>\n<div  class='hr av-l8w0p41j-2898c983194bd8b174020dcb9e8b70d1 hr-invisible  avia-builder-el-13  el_after_av_textblock  el_before_av_button'><span class='hr-inner'><span class=\"hr-inner-style\"><\/span><\/span><\/div><br \/>\n<div  class='avia-button-wrap av-l8w0ozdr-f29057d788246b7d3b442d9270d01313-wrap avia-button-left  avia-builder-el-14  el_after_av_hr  avia-builder-el-last'><a href='https:\/\/polaris-stiftung.ch\/'  class='avia-button av-l8w0ozdr-f29057d788246b7d3b442d9270d01313 av-link-btn avia-icon_select-yes-right-icon avia-size-medium avia-position-left avia-color-theme-color'  target=\"_blank\"  rel=\"noopener noreferrer\"  aria-label=\"vers le site web\"><span class='avia_iconbox_title' >vers le site web<\/span><span class='avia_button_icon avia_button_icon_right avia-iconfont avia-font-entypo-fontello' data-av_icon='\ue832' data-av_iconfont='entypo-fontello' ><\/span><\/a><\/div><\/p><\/div>\n\n<\/div><\/div><\/div><!-- close content main div --><\/div><\/div>\n<style type=\"text\/css\" data-created_by=\"avia_inline_auto\" id=\"style-css-av-61bijo-8b6c9f7a0082bc7260234e00ad798aea\">\n.avia-section.av-61bijo-8b6c9f7a0082bc7260234e00ad798aea{\nbackground-color:#4c748e;\nbackground-image:unset;\n}\n<\/style>\n<div id='av_section_2'  class='avia-section av-61bijo-8b6c9f7a0082bc7260234e00ad798aea alternate_color avia-section-large avia-shadow  avia-builder-el-15  el_after_av_section  el_before_av_gallery  avia-bg-style-parallax container_wrap fullsize'  ><div class='container av-section-cont-open' ><div class='template-page content  av-content-full alpha units'><div class='post-entry post-entry-type-page post-entry-3924'><div class='entry-content-wrapper clearfix'>\n<div class='flex_column_table av-h00ck-2a19bfadd88e8cb0a2e8cb548a88e345 sc-av_three_fourth av-equal-height-column-flextable'>\n<style type=\"text\/css\" data-created_by=\"avia_inline_auto\" id=\"style-css-av-h00ck-2a19bfadd88e8cb0a2e8cb548a88e345\">\n.flex_column.av-h00ck-2a19bfadd88e8cb0a2e8cb548a88e345{\nborder-radius:0px 0px 0px 0px;\npadding:0px 0px 0px 0px;\n}\n<\/style>\n<div  class='flex_column av-h00ck-2a19bfadd88e8cb0a2e8cb548a88e345 av_three_fourth  avia-builder-el-16  el_before_av_one_fourth  avia-builder-el-first  first flex_column_table_cell av-equal-height-column av-align-middle av-zero-column-padding'     ><p>\n<style type=\"text\/css\" data-created_by=\"avia_inline_auto\" id=\"style-css-av-l8w0s1bg-076ffd5f52583a7882537c970790a363\">\n#top .av-special-heading.av-l8w0s1bg-076ffd5f52583a7882537c970790a363{\npadding-bottom:10px;\ncolor:#ffffff;\nfont-size:28px;\n}\nbody .av-special-heading.av-l8w0s1bg-076ffd5f52583a7882537c970790a363 .av-special-heading-tag .heading-char{\nfont-size:25px;\n}\n#top #wrap_all .av-special-heading.av-l8w0s1bg-076ffd5f52583a7882537c970790a363 .av-special-heading-tag{\nfont-size:28px;\n}\n.av-special-heading.av-l8w0s1bg-076ffd5f52583a7882537c970790a363 .special-heading-inner-border{\nborder-color:#ffffff;\n}\n.av-special-heading.av-l8w0s1bg-076ffd5f52583a7882537c970790a363 .av-subheading{\nfont-size:17px;\n}\n\n@media only screen and (min-width: 480px) and (max-width: 767px){ \n#top #wrap_all .av-special-heading.av-l8w0s1bg-076ffd5f52583a7882537c970790a363 .av-special-heading-tag{\nfont-size:0.8em;\n}\n}\n\n@media only screen and (max-width: 479px){ \n#top #wrap_all .av-special-heading.av-l8w0s1bg-076ffd5f52583a7882537c970790a363 .av-special-heading-tag{\nfont-size:0.8em;\n}\n}\n<\/style>\n<div  class='av-special-heading av-l8w0s1bg-076ffd5f52583a7882537c970790a363 av-special-heading-h2 custom-color-heading blockquote modern-quote  avia-builder-el-17  el_before_av_textblock  avia-builder-el-first  av-inherit-size'><h2 class='av-special-heading-tag'  >Faire conna\u00eetre la formation professionnelle duale<\/h2><div class=\"special-heading-border\"><div class=\"special-heading-inner-border\"><\/div><\/div><\/div><br \/>\n\n<style type=\"text\/css\" data-created_by=\"avia_inline_auto\" id=\"style-css-av-l8w0skn7-0dbdb16d332cb64e096424fdad2a3e8d\">\n#top .av_textblock_section.av-l8w0skn7-0dbdb16d332cb64e096424fdad2a3e8d .avia_textblock{\nfont-size:18px;\ncolor:#ffffff;\n}\n<\/style>\n<section  class='av_textblock_section av-l8w0skn7-0dbdb16d332cb64e096424fdad2a3e8d'  ><div class='avia_textblock av_inherit_color' ><p>La mission centrale de la fondation polaris est de mieux faire conna\u00eetre \u00e0 un large public les nombreux avantages de la formation professionnelle duale dans le commerce de d\u00e9tail suisse, afin d'am\u00e9liorer durablement la notori\u00e9t\u00e9, le profil et l'image de celle-ci et de l'\u00e9tablir dans l'esprit du public et de la soci\u00e9t\u00e9 avec une connotation positive. De plus, la formation professionnelle renforce la comp\u00e9titivit\u00e9 de l'\u00e9conomie et donc, \u00e0 long terme, la place \u00e9conomique suisse.<\/p>\n<\/div><\/section><\/p><\/div><div class='av-flex-placeholder'><\/div>\n<style type=\"text\/css\" data-created_by=\"avia_inline_auto\" id=\"style-css-av-2znoms-6af875d091c69fd791abb5fc204e8243\">\n.flex_column.av-2znoms-6af875d091c69fd791abb5fc204e8243{\nborder-radius:0px 0px 0px 0px;\npadding:0px 0px 0px 0px;\n}\n<\/style>\n<div  class='flex_column av-2znoms-6af875d091c69fd791abb5fc204e8243 av_one_fourth  avia-builder-el-19  el_after_av_three_fourth  avia-builder-el-last  flex_column_table_cell av-equal-height-column av-align-middle av-zero-column-padding'     ><style type=\"text\/css\" data-created_by=\"avia_inline_auto\" id=\"style-css-av-l8w0sst5-2a5ffbdc45f74768813da37e1b4cab61\">\n.av_font_icon.av-l8w0sst5-2a5ffbdc45f74768813da37e1b4cab61{\ncolor:#ffffff;\nborder-color:#ffffff;\n}\n.avia-svg-icon.av-l8w0sst5-2a5ffbdc45f74768813da37e1b4cab61 svg:first-child{\nstroke:#ffffff;\nfill:#ffffff;\n}\n.av_font_icon.av-l8w0sst5-2a5ffbdc45f74768813da37e1b4cab61 .av-icon-char{\nfont-size:50px;\nline-height:50px;\nwidth:50px;\n}\n<\/style>\n<span  class='av_font_icon av-l8w0sst5-2a5ffbdc45f74768813da37e1b4cab61 avia_animate_when_visible av-icon-style-border avia-icon-pos-center avia-iconfont avia-font-entypo-fontello avia-icon-animate'><span class='av-icon-char' data-av_icon='\ue894' data-av_iconfont='entypo-fontello' aria-hidden=\"true\" ><\/span><\/span><\/div><\/div><!--close column table wrapper. Autoclose: 1 -->\n<\/div><\/div><\/div><!-- close content main div --><\/div><\/div><div id='after_section_2'  class='main_color av_default_container_wrap container_wrap fullsize'  ><div class='container av-section-cont-open' ><div class='template-page content  av-content-full alpha units'><div class='post-entry post-entry-type-page post-entry-3924'><div class='entry-content-wrapper clearfix'>\n\n<style type=\"text\/css\" data-created_by=\"avia_inline_auto\" id=\"style-css-av-la2hq7g2-2b4524ebcfa4001a97d8432f60033004\">\n#top .avia-gallery.av-la2hq7g2-2b4524ebcfa4001a97d8432f60033004 .avia-gallery-thumb a{\nwidth:20%;\n}\n<\/style>\n<div  class='avia-gallery av-la2hq7g2-2b4524ebcfa4001a97d8432f60033004 avia_animate_when_visible  avia-builder-el-21  el_after_av_section  el_before_av_section  avia-builder-el-no-sibling  avia_lazyload avia-gallery-animate avia-gallery-1' ><meta itemprop=\"contentURL\" content=\"https:\/\/swissavant.ch\/fr\/reseau\/foerderstiftung-polaris\/\"><div class='avia-gallery-thumb'><a href=\"https:\/\/swissavant.ch\/mediathek\/2025\/04\/Gruppenbild-mit-Preistraeger-und-SR-1030x687.jpg\" data-srcset=\"https:\/\/swissavant.ch\/mediathek\/2025\/04\/Gruppenbild-mit-Preistraeger-und-SR-1030x687.jpg 1030w, https:\/\/swissavant.ch\/mediathek\/2025\/04\/Gruppenbild-mit-Preistraeger-und-SR-714x476.jpg 714w, https:\/\/swissavant.ch\/mediathek\/2025\/04\/Gruppenbild-mit-Preistraeger-und-SR-18x12.jpg 18w, https:\/\/swissavant.ch\/mediathek\/2025\/04\/Gruppenbild-mit-Preistraeger-und-SR-705x470.jpg 705w, https:\/\/swissavant.ch\/mediathek\/2025\/04\/Gruppenbild-mit-Preistraeger-und-SR.jpg 1063w\" data-sizes=\"(max-width: 1030px) 100vw, 1030px\" data-rel='gallery-1' data-prev-img='https:\/\/swissavant.ch\/mediathek\/2025\/04\/Gruppenbild-mit-Preistraeger-und-SR-495x400.jpg' class='first_thumb lightbox' data-onclick='1' title='Photo de groupe des laur\u00e9ats'  ><img decoding=\"async\" fetchpriority=\"high\" class=\"wp-image-13031 avia-img-lazy-loading-not-13031\"  data-avia-tooltip='Gruppenbild der Preistr\u00e4ger' src=\"https:\/\/swissavant.ch\/mediathek\/2025\/04\/Gruppenbild-mit-Preistraeger-und-SR-495x400.jpg\" width=\"495\" height=\"400\"  title='Photo de groupe avec les laur\u00e9ats et le CE' alt='' srcset=\"https:\/\/swissavant.ch\/mediathek\/2025\/04\/Gruppenbild-mit-Preistraeger-und-SR-495x400.jpg 495w, https:\/\/swissavant.ch\/mediathek\/2025\/04\/Gruppenbild-mit-Preistraeger-und-SR-845x684.jpg 845w\" sizes=\"(max-width: 495px) 100vw, 495px\" \/><div class='big-prev-fake'><img decoding=\"async\" loading=\"lazy\" class=\"wp-image-13031 avia-img-lazy-loading-13031\"  width=\"495\" height=\"400\" src=\"https:\/\/swissavant.ch\/mediathek\/2025\/04\/Gruppenbild-mit-Preistraeger-und-SR-495x400.jpg\" title='Photo de groupe avec les laur\u00e9ats et le CE' alt='' srcset=\"https:\/\/swissavant.ch\/mediathek\/2025\/04\/Gruppenbild-mit-Preistraeger-und-SR-495x400.jpg 495w, https:\/\/swissavant.ch\/mediathek\/2025\/04\/Gruppenbild-mit-Preistraeger-und-SR-845x684.jpg 845w\" sizes=\"auto, (max-width: 495px) 100vw, 495px\" \/><\/div><\/a><a href=\"https:\/\/swissavant.ch\/mediathek\/2025\/04\/PT-Jugendliche-1030x687.jpg\" data-srcset=\"https:\/\/swissavant.ch\/mediathek\/2025\/04\/PT-Jugendliche-1030x687.jpg 1030w, https:\/\/swissavant.ch\/mediathek\/2025\/04\/PT-Jugendliche-714x476.jpg 714w, https:\/\/swissavant.ch\/mediathek\/2025\/04\/PT-Jugendliche-18x12.jpg 18w, https:\/\/swissavant.ch\/mediathek\/2025\/04\/PT-Jugendliche-705x470.jpg 705w, https:\/\/swissavant.ch\/mediathek\/2025\/04\/PT-Jugendliche.jpg 1063w\" data-sizes=\"(max-width: 1030px) 100vw, 1030px\" data-rel='gallery-1' data-prev-img='https:\/\/swissavant.ch\/mediathek\/2025\/04\/PT-Jugendliche-495x400.jpg' class='lightbox' data-onclick='2' title='Laur\u00e9at(e)s dipl\u00f4m\u00e9(e)s de l&#039;apprentissage'  ><img decoding=\"async\" fetchpriority=\"high\" class=\"wp-image-13040 avia-img-lazy-loading-not-13040\"  data-avia-tooltip='Preistr\u00e4ger Lehrabschlussabsolventen\/innen' src=\"https:\/\/swissavant.ch\/mediathek\/2025\/04\/PT-Jugendliche-495x400.jpg\" width=\"495\" height=\"400\"  title='PT Adolescents' alt='' srcset=\"https:\/\/swissavant.ch\/mediathek\/2025\/04\/PT-Jugendliche-495x400.jpg 495w, https:\/\/swissavant.ch\/mediathek\/2025\/04\/PT-Jugendliche-845x684.jpg 845w\" sizes=\"(max-width: 495px) 100vw, 495px\" \/><div class='big-prev-fake'><img decoding=\"async\" loading=\"lazy\" class=\"wp-image-13040 avia-img-lazy-loading-13040\"  width=\"495\" height=\"400\" src=\"https:\/\/swissavant.ch\/mediathek\/2025\/04\/PT-Jugendliche-495x400.jpg\" title='PT Adolescents' alt='' srcset=\"https:\/\/swissavant.ch\/mediathek\/2025\/04\/PT-Jugendliche-495x400.jpg 495w, https:\/\/swissavant.ch\/mediathek\/2025\/04\/PT-Jugendliche-845x684.jpg 845w\" sizes=\"auto, (max-width: 495px) 100vw, 495px\" \/><\/div><\/a><a href=\"https:\/\/swissavant.ch\/mediathek\/2025\/04\/PT-Jost-AG-1030x687.jpg\" data-srcset=\"https:\/\/swissavant.ch\/mediathek\/2025\/04\/PT-Jost-AG-1030x687.jpg 1030w, https:\/\/swissavant.ch\/mediathek\/2025\/04\/PT-Jost-AG-714x476.jpg 714w, https:\/\/swissavant.ch\/mediathek\/2025\/04\/PT-Jost-AG-18x12.jpg 18w, https:\/\/swissavant.ch\/mediathek\/2025\/04\/PT-Jost-AG-705x470.jpg 705w, https:\/\/swissavant.ch\/mediathek\/2025\/04\/PT-Jost-AG.jpg 1063w\" data-sizes=\"(max-width: 1030px) 100vw, 1030px\" data-rel='gallery-1' data-prev-img='https:\/\/swissavant.ch\/mediathek\/2025\/04\/PT-Jost-AG-495x400.jpg' class='lightbox' data-onclick='3' title='Entreprise de l&#039;ann\u00e9e : Robert Jost AG'  ><img decoding=\"async\" fetchpriority=\"high\" class=\"wp-image-13039 avia-img-lazy-loading-not-13039\"  data-avia-tooltip='Betrieb des Jahres: Robert Jost AG' src=\"https:\/\/swissavant.ch\/mediathek\/2025\/04\/PT-Jost-AG-495x400.jpg\" width=\"495\" height=\"400\"  title='PT Jost AG' alt='' srcset=\"https:\/\/swissavant.ch\/mediathek\/2025\/04\/PT-Jost-AG-495x400.jpg 495w, https:\/\/swissavant.ch\/mediathek\/2025\/04\/PT-Jost-AG-845x684.jpg 845w\" sizes=\"(max-width: 495px) 100vw, 495px\" \/><div class='big-prev-fake'><img decoding=\"async\" loading=\"lazy\" class=\"wp-image-13039 avia-img-lazy-loading-13039\"  width=\"495\" height=\"400\" src=\"https:\/\/swissavant.ch\/mediathek\/2025\/04\/PT-Jost-AG-495x400.jpg\" title='PT Jost AG' alt='' srcset=\"https:\/\/swissavant.ch\/mediathek\/2025\/04\/PT-Jost-AG-495x400.jpg 495w, https:\/\/swissavant.ch\/mediathek\/2025\/04\/PT-Jost-AG-845x684.jpg 845w\" sizes=\"auto, (max-width: 495px) 100vw, 495px\" \/><\/div><\/a><a href=\"https:\/\/swissavant.ch\/mediathek\/2025\/04\/Reto-Vanoli-1030x687.jpg\" data-srcset=\"https:\/\/swissavant.ch\/mediathek\/2025\/04\/Reto-Vanoli-1030x687.jpg 1030w, https:\/\/swissavant.ch\/mediathek\/2025\/04\/Reto-Vanoli-714x476.jpg 714w, https:\/\/swissavant.ch\/mediathek\/2025\/04\/Reto-Vanoli-18x12.jpg 18w, https:\/\/swissavant.ch\/mediathek\/2025\/04\/Reto-Vanoli-705x470.jpg 705w, https:\/\/swissavant.ch\/mediathek\/2025\/04\/Reto-Vanoli.jpg 1063w\" data-sizes=\"(max-width: 1030px) 100vw, 1030px\" data-rel='gallery-1' data-prev-img='https:\/\/swissavant.ch\/mediathek\/2025\/04\/Reto-Vanoli-495x400.jpg' class='lightbox' data-onclick='4' title='Entreprise de l&#039;ann\u00e9e : Vanoli AG'  ><img decoding=\"async\" fetchpriority=\"high\" class=\"wp-image-13041 avia-img-lazy-loading-not-13041\"  data-avia-tooltip='Betrieb des Jahres: Vanoli AG' src=\"https:\/\/swissavant.ch\/mediathek\/2025\/04\/Reto-Vanoli-495x400.jpg\" width=\"495\" height=\"400\"  title='Reto Vanoli' alt='' srcset=\"https:\/\/swissavant.ch\/mediathek\/2025\/04\/Reto-Vanoli-495x400.jpg 495w, https:\/\/swissavant.ch\/mediathek\/2025\/04\/Reto-Vanoli-845x684.jpg 845w\" sizes=\"(max-width: 495px) 100vw, 495px\" \/><div class='big-prev-fake'><img decoding=\"async\" loading=\"lazy\" class=\"wp-image-13041 avia-img-lazy-loading-13041\"  width=\"495\" height=\"400\" src=\"https:\/\/swissavant.ch\/mediathek\/2025\/04\/Reto-Vanoli-495x400.jpg\" title='Reto Vanoli' alt='' srcset=\"https:\/\/swissavant.ch\/mediathek\/2025\/04\/Reto-Vanoli-495x400.jpg 495w, https:\/\/swissavant.ch\/mediathek\/2025\/04\/Reto-Vanoli-845x684.jpg 845w\" sizes=\"auto, (max-width: 495px) 100vw, 495px\" \/><\/div><\/a><a href=\"https:\/\/swissavant.ch\/mediathek\/2025\/04\/Beim-Interview-1030x687.jpg\" data-srcset=\"https:\/\/swissavant.ch\/mediathek\/2025\/04\/Beim-Interview-1030x687.jpg 1030w, https:\/\/swissavant.ch\/mediathek\/2025\/04\/Beim-Interview-714x476.jpg 714w, https:\/\/swissavant.ch\/mediathek\/2025\/04\/Beim-Interview-18x12.jpg 18w, https:\/\/swissavant.ch\/mediathek\/2025\/04\/Beim-Interview-705x470.jpg 705w, https:\/\/swissavant.ch\/mediathek\/2025\/04\/Beim-Interview.jpg 1063w\" data-sizes=\"(max-width: 1030px) 100vw, 1030px\" data-rel='gallery-1' data-prev-img='https:\/\/swissavant.ch\/mediathek\/2025\/04\/Beim-Interview-495x400.jpg' class='lightbox' data-onclick='5' title='Entretien avec les laur\u00e9ats'  ><img decoding=\"async\" fetchpriority=\"high\" class=\"wp-image-13029 avia-img-lazy-loading-not-13029\"  data-avia-tooltip='Die Preistr\u00e4gerInnen im Gespr\u00e4ch' src=\"https:\/\/swissavant.ch\/mediathek\/2025\/04\/Beim-Interview-495x400.jpg\" width=\"495\" height=\"400\"  title='Lors de l&#039;entretien' alt='' srcset=\"https:\/\/swissavant.ch\/mediathek\/2025\/04\/Beim-Interview-495x400.jpg 495w, https:\/\/swissavant.ch\/mediathek\/2025\/04\/Beim-Interview-845x684.jpg 845w\" sizes=\"(max-width: 495px) 100vw, 495px\" \/><div class='big-prev-fake'><img decoding=\"async\" loading=\"lazy\" class=\"wp-image-13029 avia-img-lazy-loading-13029\"  width=\"495\" height=\"400\" src=\"https:\/\/swissavant.ch\/mediathek\/2025\/04\/Beim-Interview-495x400.jpg\" title='Lors de l&#039;entretien' alt='' srcset=\"https:\/\/swissavant.ch\/mediathek\/2025\/04\/Beim-Interview-495x400.jpg 495w, https:\/\/swissavant.ch\/mediathek\/2025\/04\/Beim-Interview-845x684.jpg 845w\" sizes=\"auto, (max-width: 495px) 100vw, 495px\" \/><\/div><\/a><\/div><\/div>\n<\/div><\/div><\/div><!-- close content main div --><\/div><\/div><div id='av_section_3'  class='avia-section av-7wdkes-4dda3dbcd17ddcf6ef57574ba3edb817 main_color avia-section-huge avia-shadow  avia-builder-el-22  el_after_av_gallery  avia-builder-el-last  avia-bg-style-scroll container_wrap fullsize'  ><div class='container av-section-cont-open' ><div class='template-page content  av-content-full alpha units'><div class='post-entry post-entry-type-page post-entry-3924'><div class='entry-content-wrapper clearfix'>\n<div  class='flex_column av-5ut8wk-e8bf3472e65dfafea9c21250ab2c14c0 av_one_third  avia-builder-el-23  el_before_av_two_third  avia-builder-el-first  first flex_column_div'     ><style type=\"text\/css\" data-created_by=\"avia_inline_auto\" id=\"style-css-av-l9s3hm5l-e3decd956e5dd6aaccf9f546e2324815\">\n.avia-image-container.av-l9s3hm5l-e3decd956e5dd6aaccf9f546e2324815 img.avia_image{\nbox-shadow:none;\n}\n.avia-image-container.av-l9s3hm5l-e3decd956e5dd6aaccf9f546e2324815 .av-image-caption-overlay-center{\ncolor:#ffffff;\n}\n<\/style>\n<div  class='avia-image-container av-l9s3hm5l-e3decd956e5dd6aaccf9f546e2324815 av-styling-circle avia-align-center  avia-builder-el-24  avia-builder-el-no-sibling'  ><div class=\"avia-image-container-inner\"><div class=\"avia-image-overlay-wrap\"><img decoding=\"async\" fetchpriority=\"high\" class='wp-image-10843 avia-img-lazy-loading-not-10843 avia_image' src=\"https:\/\/swissavant.ch\/mediathek\/2023\/03\/Kunz_Alexandra_800x800-714x714.jpg\" alt='' title='Kunz_Alexandra'  height=\"714\" width=\"714\" srcset=\"https:\/\/swissavant.ch\/mediathek\/2023\/03\/Kunz_Alexandra_800x800-714x714.jpg 714w, https:\/\/swissavant.ch\/mediathek\/2023\/03\/Kunz_Alexandra_800x800-80x80.jpg 80w, https:\/\/swissavant.ch\/mediathek\/2023\/03\/Kunz_Alexandra_800x800-12x12.jpg 12w, https:\/\/swissavant.ch\/mediathek\/2023\/03\/Kunz_Alexandra_800x800-36x36.jpg 36w, https:\/\/swissavant.ch\/mediathek\/2023\/03\/Kunz_Alexandra_800x800-180x180.jpg 180w, https:\/\/swissavant.ch\/mediathek\/2023\/03\/Kunz_Alexandra_800x800-705x705.jpg 705w, https:\/\/swissavant.ch\/mediathek\/2023\/03\/Kunz_Alexandra_800x800.jpg 800w\" sizes=\"(max-width: 714px) 100vw, 714px\" \/><\/div><\/div><\/div><\/div><div  class='flex_column av-4k1v1w-a81221f6ef30cf2f9ebfb68cab429cf6 av_two_third  avia-builder-el-25  el_after_av_one_third  avia-builder-el-last  flex_column_div'     ><p>\n<style type=\"text\/css\" data-created_by=\"avia_inline_auto\" id=\"style-css-av-2ozt6s-06eb4ce82f89fe736a66c4b2b0993e8b\">\n.av_font_icon.av-2ozt6s-06eb4ce82f89fe736a66c4b2b0993e8b{\ncolor:#009fe4;\nborder-color:#009fe4;\n}\n.avia-svg-icon.av-2ozt6s-06eb4ce82f89fe736a66c4b2b0993e8b svg:first-child{\nstroke:#009fe4;\nfill:#009fe4;\n}\n.av_font_icon.av-2ozt6s-06eb4ce82f89fe736a66c4b2b0993e8b .av-icon-char{\nfont-size:70px;\nline-height:70px;\n}\n<\/style>\n<span  class='av_font_icon av-2ozt6s-06eb4ce82f89fe736a66c4b2b0993e8b avia_animate_when_visible av-icon-style- avia-icon-pos-center avia-iconfont avia-font-entypo-fontello avia-icon-animate'><span class='av-icon-char' data-av_icon='\ue833' data-av_iconfont='entypo-fontello' aria-hidden=\"true\" ><\/span><\/span><br \/>\n\n<style type=\"text\/css\" data-created_by=\"avia_inline_auto\" id=\"style-css-av-l9s3kmp4-9a99bdf871b0a1d978eb229b503d0f62\">\n#top .av_textblock_section.av-l9s3kmp4-9a99bdf871b0a1d978eb229b503d0f62 .avia_textblock{\nfont-size:20px;\n}\n<\/style>\n<section  class='av_textblock_section av-l9s3kmp4-9a99bdf871b0a1d978eb229b503d0f62'  ><div class='avia_textblock' ><p style=\"text-align: center;\">En d\u00e9cernant des distinctions \u00e0 de jeunes professionnels ainsi qu'\u00e0 des entreprises  engag\u00e9es dans la formation, la Fondation polaris honore des prestations exceptionnelles dans nos branches.<br \/>\nSwissavant: exiger et encourager - pour le personnel qualifi\u00e9 de demain!<\/p>\n<\/div><\/section><br \/>\n\n<style type=\"text\/css\" data-created_by=\"avia_inline_auto\" id=\"style-css-av-l9s3ktbe-86496fe16cf5e87eee509696f6828df6\">\n#top .av_textblock_section.av-l9s3ktbe-86496fe16cf5e87eee509696f6828df6 .avia_textblock{\nfont-size:22px;\ncolor:#009fe4;\n}\n<\/style>\n<section  class='av_textblock_section av-l9s3ktbe-86496fe16cf5e87eee509696f6828df6'  ><div class='avia_textblock av_inherit_color' ><p style=\"text-align: center;\">Alexandra Kunz<\/p>\n<\/div><\/section><br \/>\n\n<style type=\"text\/css\" data-created_by=\"avia_inline_auto\" id=\"style-css-av-l9s3l1o9-3ed93ba7f8cff6d5b8c37b377c17f1b4\">\n#top .av_textblock_section.av-l9s3l1o9-3ed93ba7f8cff6d5b8c37b377c17f1b4 .avia_textblock{\nfont-size:15px;\n}\n<\/style>\n<section  class='av_textblock_section av-l9s3l1o9-3ed93ba7f8cff6d5b8c37b377c17f1b4'  ><div class='avia_textblock' ><p style=\"text-align: center;\">\u00c9v\u00e9nements &amp; projets<\/p>\n<\/div><\/section><\/p><\/div>","protected":false},"excerpt":{"rendered":"<p>Depuis 2009, la fondation polaris se consacre de fa\u00e7on cibl\u00e9e et durable \u00e0 promouvoir la rel\u00e8ve professionnelle et \u00e0 augmenter la sensibilit\u00e9 du public aux avantages du syst\u00e8me de formation dual - en particulier dans le commerce suisse de d\u00e9tail.<\/p>","protected":false},"author":12,"featured_media":0,"parent":3792,"menu_order":1,"comment_status":"closed","ping_status":"closed","template":"","meta":{"_acf_changed":false,"_monsterinsights_skip_tracking":false,"_monsterinsights_sitenote_active":false,"_monsterinsights_sitenote_note":"","_monsterinsights_sitenote_category":0,"footnotes":""},"folder":[],"class_list":["post-3924","page","type-page","status-publish","hentry"],"acf":[],"yoast_head":"<!-- This site is optimized with the Yoast SEO plugin v26.8 - https:\/\/yoast.com\/product\/yoast-seo-wordpress\/ -->\n<title>F\u00f6rderstiftung polaris - f\u00fcr eine motivierte Berufsjugend<\/title>\n<meta name=\"description\" content=\"Die F\u00f6rderstiftung polaris widmet sich seit 2009 der gezielten und nachhaltigen F\u00f6rderung des Berufsnachwuchses insbesondere im Schweizer Detailhandel.\" \/>\n<meta name=\"robots\" content=\"index, follow, max-snippet:-1, max-image-preview:large, max-video-preview:-1\" \/>\n<link rel=\"canonical\" href=\"https:\/\/swissavant.ch\/fr\/reseau\/foerderstiftung-polaris\/\" \/>\n<meta property=\"og:locale\" content=\"fr_FR\" \/>\n<meta property=\"og:type\" content=\"article\" \/>\n<meta property=\"og:title\" content=\"F\u00f6rderstiftung polaris - f\u00fcr eine motivierte Berufsjugend\" \/>\n<meta property=\"og:description\" content=\"Die F\u00f6rderstiftung polaris widmet sich seit 2009 der gezielten und nachhaltigen F\u00f6rderung des Berufsnachwuchses insbesondere im Schweizer Detailhandel.\" \/>\n<meta property=\"og:url\" content=\"https:\/\/swissavant.ch\/fr\/reseau\/foerderstiftung-polaris\/\" \/>\n<meta property=\"og:site_name\" content=\"Swissavant\" \/>\n<meta property=\"article:modified_time\" content=\"2025-06-13T12:38:19+00:00\" \/>\n<meta name=\"twitter:label1\" content=\"Dur\u00e9e de lecture estim\u00e9e\" \/>\n\t<meta name=\"twitter:data1\" content=\"4 minutes\" \/>\n<script type=\"application\/ld+json\" class=\"yoast-schema-graph\">{\"@context\":\"https:\/\/schema.org\",\"@graph\":[{\"@type\":\"WebPage\",\"@id\":\"https:\/\/swissavant.ch\/netzwerk\/foerderstiftung-polaris\/\",\"url\":\"https:\/\/swissavant.ch\/netzwerk\/foerderstiftung-polaris\/\",\"name\":\"F\u00f6rderstiftung polaris - f\u00fcr eine motivierte Berufsjugend\",\"isPartOf\":{\"@id\":\"https:\/\/swissavant.ch\/#website\"},\"datePublished\":\"2017-06-15T16:36:40+00:00\",\"dateModified\":\"2025-06-13T12:38:19+00:00\",\"description\":\"Die F\u00f6rderstiftung polaris widmet sich seit 2009 der gezielten und nachhaltigen F\u00f6rderung des Berufsnachwuchses insbesondere im Schweizer Detailhandel.\",\"breadcrumb\":{\"@id\":\"https:\/\/swissavant.ch\/netzwerk\/foerderstiftung-polaris\/#breadcrumb\"},\"inLanguage\":\"fr-FR\",\"potentialAction\":[{\"@type\":\"ReadAction\",\"target\":[\"https:\/\/swissavant.ch\/netzwerk\/foerderstiftung-polaris\/\"]}]},{\"@type\":\"BreadcrumbList\",\"@id\":\"https:\/\/swissavant.ch\/netzwerk\/foerderstiftung-polaris\/#breadcrumb\",\"itemListElement\":[{\"@type\":\"ListItem\",\"position\":1,\"name\":\"Home\",\"item\":\"https:\/\/swissavant.ch\/home\/\"},{\"@type\":\"ListItem\",\"position\":2,\"name\":\"Netzwerk\",\"item\":\"https:\/\/swissavant.ch\/netzwerk\/\"},{\"@type\":\"ListItem\",\"position\":3,\"name\":\"F\u00f6rderstiftung polaris\"}]},{\"@type\":\"WebSite\",\"@id\":\"https:\/\/swissavant.ch\/#website\",\"url\":\"https:\/\/swissavant.ch\/\",\"name\":\"Swissavant\",\"description\":\"Swissavant\",\"potentialAction\":[{\"@type\":\"SearchAction\",\"target\":{\"@type\":\"EntryPoint\",\"urlTemplate\":\"https:\/\/swissavant.ch\/?s={search_term_string}\"},\"query-input\":{\"@type\":\"PropertyValueSpecification\",\"valueRequired\":true,\"valueName\":\"search_term_string\"}}],\"inLanguage\":\"fr-FR\"}]}<\/script>\n<!-- \/ Yoast SEO plugin. -->","yoast_head_json":{"title":"Fondation de soutien polaris - pour une jeunesse professionnelle motiv\u00e9e","description":"Depuis 2009, la fondation de soutien polaris se consacre \u00e0 la promotion cibl\u00e9e et durable de la rel\u00e8ve professionnelle, en particulier dans le commerce de d\u00e9tail suisse.","robots":{"index":"index","follow":"follow","max-snippet":"max-snippet:-1","max-image-preview":"max-image-preview:large","max-video-preview":"max-video-preview:-1"},"canonical":"https:\/\/swissavant.ch\/fr\/reseau\/foerderstiftung-polaris\/","og_locale":"fr_FR","og_type":"article","og_title":"F\u00f6rderstiftung polaris - f\u00fcr eine motivierte Berufsjugend","og_description":"Die F\u00f6rderstiftung polaris widmet sich seit 2009 der gezielten und nachhaltigen F\u00f6rderung des Berufsnachwuchses insbesondere im Schweizer Detailhandel.","og_url":"https:\/\/swissavant.ch\/fr\/reseau\/foerderstiftung-polaris\/","og_site_name":"Swissavant","article_modified_time":"2025-06-13T12:38:19+00:00","twitter_misc":{"Dur\u00e9e de lecture estim\u00e9e":"4 minutes"},"schema":{"@context":"https:\/\/schema.org","@graph":[{"@type":"WebPage","@id":"https:\/\/swissavant.ch\/netzwerk\/foerderstiftung-polaris\/","url":"https:\/\/swissavant.ch\/netzwerk\/foerderstiftung-polaris\/","name":"Fondation de soutien polaris - pour une jeunesse professionnelle motiv\u00e9e","isPartOf":{"@id":"https:\/\/swissavant.ch\/#website"},"datePublished":"2017-06-15T16:36:40+00:00","dateModified":"2025-06-13T12:38:19+00:00","description":"Depuis 2009, la fondation de soutien polaris se consacre \u00e0 la promotion cibl\u00e9e et durable de la rel\u00e8ve professionnelle, en particulier dans le commerce de d\u00e9tail suisse.","breadcrumb":{"@id":"https:\/\/swissavant.ch\/netzwerk\/foerderstiftung-polaris\/#breadcrumb"},"inLanguage":"fr-FR","potentialAction":[{"@type":"ReadAction","target":["https:\/\/swissavant.ch\/netzwerk\/foerderstiftung-polaris\/"]}]},{"@type":"BreadcrumbList","@id":"https:\/\/swissavant.ch\/netzwerk\/foerderstiftung-polaris\/#breadcrumb","itemListElement":[{"@type":"ListItem","position":1,"name":"Home","item":"https:\/\/swissavant.ch\/home\/"},{"@type":"ListItem","position":2,"name":"Netzwerk","item":"https:\/\/swissavant.ch\/netzwerk\/"},{"@type":"ListItem","position":3,"name":"F\u00f6rderstiftung polaris"}]},{"@type":"WebSite","@id":"https:\/\/swissavant.ch\/#website","url":"https:\/\/swissavant.ch\/","name":"Swissavant","description":"Swissavant","potentialAction":[{"@type":"SearchAction","target":{"@type":"EntryPoint","urlTemplate":"https:\/\/swissavant.ch\/?s={search_term_string}"},"query-input":{"@type":"PropertyValueSpecification","valueRequired":true,"valueName":"search_term_string"}}],"inLanguage":"fr-FR"}]}},"_links":{"self":[{"href":"https:\/\/swissavant.ch\/fr\/wp-json\/wp\/v2\/pages\/3924","targetHints":{"allow":["GET"]}}],"collection":[{"href":"https:\/\/swissavant.ch\/fr\/wp-json\/wp\/v2\/pages"}],"about":[{"href":"https:\/\/swissavant.ch\/fr\/wp-json\/wp\/v2\/types\/page"}],"author":[{"embeddable":true,"href":"https:\/\/swissavant.ch\/fr\/wp-json\/wp\/v2\/users\/12"}],"replies":[{"embeddable":true,"href":"https:\/\/swissavant.ch\/fr\/wp-json\/wp\/v2\/comments?post=3924"}],"version-history":[{"count":7,"href":"https:\/\/swissavant.ch\/fr\/wp-json\/wp\/v2\/pages\/3924\/revisions"}],"predecessor-version":[{"id":13303,"href":"https:\/\/swissavant.ch\/fr\/wp-json\/wp\/v2\/pages\/3924\/revisions\/13303"}],"up":[{"embeddable":true,"href":"https:\/\/swissavant.ch\/fr\/wp-json\/wp\/v2\/pages\/3792"}],"wp:attachment":[{"href":"https:\/\/swissavant.ch\/fr\/wp-json\/wp\/v2\/media?parent=3924"}],"wp:term":[{"taxonomy":"folder","embeddable":true,"href":"https:\/\/swissavant.ch\/fr\/wp-json\/wp\/v2\/folder?post=3924"}],"curies":[{"name":"wp","href":"https:\/\/api.w.org\/{rel}","templated":true}]}}