{"id":9981,"date":"2022-11-09T13:54:28","date_gmt":"2022-11-09T12:54:28","guid":{"rendered":"https:\/\/swissavant.aretiswebseiten.ch\/netzwerk-2\/"},"modified":"2026-04-22T14:20:15","modified_gmt":"2026-04-22T12:20:15","slug":"evenements-formation-continue","status":"publish","type":"page","link":"https:\/\/swissavant.ch\/fr\/evenements-formation-continue\/","title":{"rendered":"\u00c9v\u00e9nements &amp; formation"},"content":{"rendered":"<div id='av-layout-grid-1'  class='av-layout-grid-container av-2aju3u8-a1f831d362b2276acbebd20747a994d7 entry-content-wrapper main_color av-flex-cells  avia-builder-el-0  el_before_av_section  avia-builder-el-first   container_wrap fullsize'  >\n\n<style type=\"text\/css\" data-created_by=\"avia_inline_auto\" id=\"style-css-av-818gls-cbf1bce318857d10b8a8396f7205f0c9\">\n.flex_cell.av-818gls-cbf1bce318857d10b8a8396f7205f0c9{\nvertical-align:middle;\nheight:400px;\nmin-height:400px;\nbackground-color:#009fe4;\n}\n.responsive #top #wrap_all .flex_cell.av-818gls-cbf1bce318857d10b8a8396f7205f0c9{\npadding:40px 60px 40px 60px !important;\n}\n<\/style>\n<div class='flex_cell av-818gls-cbf1bce318857d10b8a8396f7205f0c9 av-gridrow-cell av_one_third no_margin  avia-builder-el-1  el_before_av_cell_one_third  avia-builder-el-first  content-align-middle'  ><div class='flex_cell_inner'>\n<style type=\"text\/css\" data-created_by=\"avia_inline_auto\" id=\"style-css-av-l8vg2fz4-2b7156ccfedc9b9a4784e76417ce7bfb\">\n#top .av-special-heading.av-l8vg2fz4-2b7156ccfedc9b9a4784e76417ce7bfb{\npadding-bottom:10px;\ncolor:#ffffff;\n}\nbody .av-special-heading.av-l8vg2fz4-2b7156ccfedc9b9a4784e76417ce7bfb .av-special-heading-tag .heading-char{\nfont-size:25px;\n}\n.av-special-heading.av-l8vg2fz4-2b7156ccfedc9b9a4784e76417ce7bfb .special-heading-inner-border{\nborder-color:#ffffff;\n}\n.av-special-heading.av-l8vg2fz4-2b7156ccfedc9b9a4784e76417ce7bfb .av-subheading{\nfont-size:15px;\n}\n<\/style>\n<div  class='av-special-heading av-l8vg2fz4-2b7156ccfedc9b9a4784e76417ce7bfb av-special-heading-h2 custom-color-heading blockquote modern-quote  avia-builder-el-2  avia-builder-el-no-sibling'><h2 class='av-special-heading-tag'  >\u00c9v\u00e9nements<\/h2><div class='av_custom_color av-subheading av-subheading_below'><p>Les principaux \u00e9v\u00e9nements de la branche et les dates de formation continue en un coup d'\u0153il<\/p>\n<\/div><div class=\"special-heading-border\"><div class=\"special-heading-inner-border\"><\/div><\/div><\/div>\n<\/div><\/div>\n<style type=\"text\/css\" data-created_by=\"avia_inline_auto\" id=\"style-css-av-26f78o0-45e7590821d9fbd0f0e48a1b879ddd7b\">\n.flex_cell.av-26f78o0-45e7590821d9fbd0f0e48a1b879ddd7b{\nvertical-align:middle;\nheight:400px;\nmin-height:400px;\nbackground-color:#e5e8eb;\n}\n.responsive #top #wrap_all .flex_cell.av-26f78o0-45e7590821d9fbd0f0e48a1b879ddd7b{\npadding:40px 60px 40px 60px !important;\n}\n<\/style>\n<div class='flex_cell av-26f78o0-45e7590821d9fbd0f0e48a1b879ddd7b av-gridrow-cell av_one_third no_margin  avia-builder-el-3  el_after_av_cell_one_third  el_before_av_cell_one_third  content-align-middle'  ><div class='flex_cell_inner'>\n<style type=\"text\/css\" data-created_by=\"avia_inline_auto\" id=\"style-css-av-l8vg2mqo-0580650be43fc4b26ec8b85e386f87e3\">\n#top .av_textblock_section.av-l8vg2mqo-0580650be43fc4b26ec8b85e386f87e3 .avia_textblock{\nfont-size:19px;\n}\n<\/style>\n<section  class='av_textblock_section av-l8vg2mqo-0580650be43fc4b26ec8b85e386f87e3'  ><div class='avia_textblock' ><p>Le calendrier des manifestations de Swissavant regroupe les principaux rendez-vous de la branche - de la journ\u00e9e nationale de la branche avec l'assembl\u00e9e g\u00e9n\u00e9rale aux cours de formation continue de la CFST en passant par les manifestations sp\u00e9cialis\u00e9es.<\/p>\n<\/div><\/section>\n<\/div><\/div>\n<style type=\"text\/css\" data-created_by=\"avia_inline_auto\" id=\"style-css-av-254o7qo-ac36a3cc83604330a85dc4b081453083\">\n.flex_cell.av-254o7qo-ac36a3cc83604330a85dc4b081453083{\nvertical-align:top;\nheight:400px;\nmin-height:400px;\nbackground:url(https:\/\/swissavant.ch\/mediathek\/2022\/11\/erfolgreiche-planung-714x476.jpg) 50% 50% no-repeat scroll ;\n}\n<\/style>\n<div class='flex_cell av-254o7qo-ac36a3cc83604330a85dc4b081453083 av-gridrow-cell av_one_third no_margin  avia-builder-el-5  el_after_av_cell_one_third  avia-builder-el-last  content-align-top avia-full-stretch'  ><div class='flex_cell_inner'><\/div><\/div>\n<\/div>\n<div id='av_section_1'  class='avia-section av-10x3fp9-f67fd935157aacc1a1030b858039cf6f alternate_color avia-section-huge avia-no-border-styling  avia-builder-el-6  el_after_av_layout_row  avia-builder-el-last  avia-bg-style-scroll container_wrap fullsize'  ><div class='container av-section-cont-open' ><div class='template-page content  av-content-full alpha units'><div class='post-entry post-entry-type-page post-entry-9981'><div class='entry-content-wrapper clearfix'>\n<div  class='flex_column av-7it0hp-4132ba9f07248314200192870b2df040 av_one_third  avia-builder-el-7  el_before_av_one_third  avia-builder-el-first  first flex_column_div'     ><p>\n<style type=\"text\/css\" data-created_by=\"avia_inline_auto\" id=\"style-css-av-qdcqn1-f527cb4efee0f3022f9cb94d1f17abb8\">\n.av_font_icon.av-qdcqn1-f527cb4efee0f3022f9cb94d1f17abb8 .av-icon-char{\nfont-size:40px;\n}\n<\/style>\n<span  class='av_font_icon av-qdcqn1-f527cb4efee0f3022f9cb94d1f17abb8 avia_animate_when_visible av-icon-style- avia-icon-pos-center avia-svg-icon avia-font-svg_entypo-fontello av-no-color avia-icon-animate'><span class='av-icon-char' data-av_svg_icon='address' data-av_iconset='svg_entypo-fontello' ><svg version=\"1.1\" xmlns=\"http:\/\/www.w3.org\/2000\/svg\" width=\"32\" height=\"32\" viewbox=\"0 0 32 32\" preserveaspectratio=\"xMidYMid meet\" aria-labelledby='av-svg-title-1' aria-describedby='av-svg-desc-1' role=\"graphics-symbol\" aria-hidden=\"true\">\n<title id='av-svg-title-1'>Adresse<\/title>\n<desc id='av-svg-desc-1'>Ic\u00f4ne d'adresse<\/desc>\n<path d=\"M13.632 1.6q0.64 0 0.64 0.64v27.52q0 0.64-0.64 0.64h-1.472q-0.64 0-0.64-0.64v-14.080h-5.632q-0.512 0-0.896-0.192-0.384-0.064-0.832-0.384l-3.84-2.624q-0.32-0.192-0.32-0.512t0.32-0.512l3.84-2.624q0.448-0.32 0.832-0.384 0.256-0.128 0.896-0.128h5.632v-6.080q0-0.64 0.64-0.64h1.472zM31.68 8.256q0.32 0.192 0.32 0.512t-0.32 0.512l-3.776 2.624q-0.704 0.384-0.832 0.384-0.448 0.192-0.896 0.192h-9.664l-1.28-7.36h10.944q0.576 0 0.896 0.128t0.832 0.384z\"><\/path>\n<\/svg><\/span><\/span><br \/>\n\n<style type=\"text\/css\" data-created_by=\"avia_inline_auto\" id=\"style-css-av-nf280d-8bf59025d7188806ccea530b9d719c41\">\n#top .av-special-heading.av-nf280d-8bf59025d7188806ccea530b9d719c41{\npadding-bottom:10px;\n}\nbody .av-special-heading.av-nf280d-8bf59025d7188806ccea530b9d719c41 .av-special-heading-tag .heading-char{\nfont-size:25px;\n}\n.av-special-heading.av-nf280d-8bf59025d7188806ccea530b9d719c41 .av-subheading{\nfont-size:15px;\n}\n<\/style>\n<div  class='av-special-heading av-nf280d-8bf59025d7188806ccea530b9d719c41 av-special-heading-h4  avia-builder-el-9  el_after_av_font_icon  el_before_av_textblock'><h4 class='av-special-heading-tag'  >Assembl\u00e9e g\u00e9n\u00e9rale<\/h4><div class=\"special-heading-border\"><div class=\"special-heading-inner-border\"><\/div><\/div><\/div><br \/>\n<section  class='av_textblock_section av-mo2xlqmi-9b2e3a984008067be0d492174b37a860'  ><div class='avia_textblock' ><p>Rendez-vous le plus important du calendrier de l'association.<\/p>\n<\/div><\/section><br \/>\n<div  class='avia-button-wrap av-ksw399-94aad11be13c18899899cd1df4ca8439-wrap avia-button-left  avia-builder-el-11  el_after_av_textblock  avia-builder-el-last'><a href='https:\/\/swissavant.ch\/fr\/association\/assemblee-generale\/'  class='avia-button av-ksw399-94aad11be13c18899899cd1df4ca8439 av-link-btn avia-icon_select-yes-left-icon avia-size-small avia-position-left avia-color-theme-color'  target=\"_blank\"  rel=\"noopener noreferrer\"  aria-label=\"116e Assembl\u00e9e g\u00e9n\u00e9rale 2026 - R\u00e9trospective\"><span class='avia_button_icon avia_button_icon_left avia-iconfont avia-font-entypo-fontello' data-av_icon='\ue832' data-av_iconfont='entypo-fontello' ><\/span><span class='avia_iconbox_title' >116e Assembl\u00e9e g\u00e9n\u00e9rale 2026 - R\u00e9trospective<\/span><\/a><\/div><\/p><\/div><div  class='flex_column av-63h0pp-a1fcf7e0ace32e78349449f155b371da av_one_third  avia-builder-el-12  el_after_av_one_third  el_before_av_one_third  flex_column_div'     ><p>\n<style type=\"text\/css\" data-created_by=\"avia_inline_auto\" id=\"style-css-av-4p0j71-f32f842588767e8d9cf7a226ac98c5a7\">\n.av_font_icon.av-4p0j71-f32f842588767e8d9cf7a226ac98c5a7 .av-icon-char{\nfont-size:40px;\n}\n<\/style>\n<span  class='av_font_icon av-4p0j71-f32f842588767e8d9cf7a226ac98c5a7 avia_animate_when_visible av-icon-style- avia-icon-pos-center avia-svg-icon avia-font-svg_entypo-fontello av-no-color avia-icon-animate'><span class='av-icon-char' data-av_svg_icon='users' data-av_iconset='svg_entypo-fontello' ><svg version=\"1.1\" xmlns=\"http:\/\/www.w3.org\/2000\/svg\" width=\"32\" height=\"32\" viewbox=\"0 0 32 32\" preserveaspectratio=\"xMidYMid meet\" aria-labelledby='av-svg-title-2' aria-describedby='av-svg-desc-2' role=\"graphics-symbol\" aria-hidden=\"true\">\n<title id='av-svg-title-2'>Utilisateurs<\/title>\n<desc id='av-svg-desc-2'>Utilisateurs<\/desc>\n<path d=\"M32 30.080h-7.168v-4.8q0-1.728-0.96-2.592t-4.928-2.848q1.28-0.96 1.28-2.688 0-0.512-0.416-1.056t-0.608-1.632q-0.064-0.256-0.448-0.512t-0.448-1.344q0-0.768 0.384-0.96-0.192-1.088-0.256-1.92-0.128-1.216 0.736-2.496t3.040-1.28 3.072 1.28 0.768 2.496l-0.256 1.92q0.384 0.192 0.384 0.96-0.064 1.088-0.448 1.344t-0.448 0.512q-0.192 1.088-0.608 1.632t-0.416 1.056q0 1.344 0.672 2.112t2.464 1.536q3.584 1.472 4.16 2.56 0.192 0.256 0.288 1.952t0.16 3.232v1.536zM16.384 21.696q5.824 2.496 5.824 3.968v4.416h-22.208v-5.888q0-1.408 2.688-2.496 2.432-1.024 3.328-2.048t0.896-2.816q0-0.64-0.608-1.408t-0.8-2.176q-0.064-0.32-0.576-0.704t-0.64-1.792q0-0.448 0.096-0.736t0.224-0.416l0.128-0.064q-0.192-1.472-0.32-2.624-0.128-1.6 1.056-3.296t4.064-1.696 4.064 1.696 1.056 3.296l-0.32 2.624q0.448 0.256 0.448 1.216-0.128 1.408-0.64 1.792t-0.576 0.704q-0.192 1.408-0.8 2.176t-0.608 1.408q0 1.792 0.896 2.816t3.328 2.048z\"><\/path>\n<\/svg><\/span><\/span><br \/>\n\n<style type=\"text\/css\" data-created_by=\"avia_inline_auto\" id=\"style-css-av-mo2xjn0p-3de0d18322a674a9671280551e243501\">\n#top .av-special-heading.av-mo2xjn0p-3de0d18322a674a9671280551e243501{\npadding-bottom:10px;\n}\nbody .av-special-heading.av-mo2xjn0p-3de0d18322a674a9671280551e243501 .av-special-heading-tag .heading-char{\nfont-size:25px;\n}\n.av-special-heading.av-mo2xjn0p-3de0d18322a674a9671280551e243501 .av-subheading{\nfont-size:15px;\n}\n<\/style>\n<div  class='av-special-heading av-mo2xjn0p-3de0d18322a674a9671280551e243501 av-special-heading-h4  avia-builder-el-14  el_after_av_font_icon  el_before_av_textblock'><h4 class='av-special-heading-tag'  >\u00c9v\u00e9nements<\/h4><div class=\"special-heading-border\"><div class=\"special-heading-inner-border\"><\/div><\/div><\/div><br \/>\n<section  class='av_textblock_section av-lvk6zx-333230b5347a2cf6654c488cb84fe40b'  ><div class='avia_textblock' ><p>Nous compl\u00e9tons de mani\u00e8re cibl\u00e9e le calendrier de l'association avec des manifestations s\u00e9lectionn\u00e9es sur la formation professionnelle et des th\u00e8mes li\u00e9s \u00e0 la branche.<\/p>\n<\/div><\/section><br \/>\n<div  class='avia-button-wrap av-mk58idcp-c9e886fec33881742efa14d853209fca-wrap avia-button-left  avia-builder-el-16  el_after_av_textblock  avia-builder-el-last'><a href='https:\/\/polaris-stiftung.ch\/bildungstag\/veranstaltungen\/'  class='avia-button av-mk58idcp-c9e886fec33881742efa14d853209fca av-link-btn avia-icon_select-yes-left-icon avia-size-small avia-position-left avia-color-theme-color'  target=\"_blank\"  rel=\"noopener noreferrer\"  aria-label=\"7e Journ\u00e9e nationale de la formation 2026 \u00e0 Lucerne: 24 septembre 2026 \"><span class='avia_button_icon avia_button_icon_left avia-iconfont avia-font-entypo-fontello' data-av_icon='\ue832' data-av_iconfont='entypo-fontello' ><\/span><span class='avia_iconbox_title' >7e Journ\u00e9e nationale de la formation 2026 \u00e0 Lucerne: 24 septembre 2026 <\/span><\/a><\/div><\/p><\/div><div  class='flex_column av-370qcd-babd9f6b5b94b49db1e0af240eb54571 av_one_third  avia-builder-el-17  el_after_av_one_third  el_before_av_one_full  flex_column_div'     ><p>\n<style type=\"text\/css\" data-created_by=\"avia_inline_auto\" id=\"style-css-av-xnngwt-89ae33c9164a469aa798c5efc18f624a\">\n.av_font_icon.av-xnngwt-89ae33c9164a469aa798c5efc18f624a .av-icon-char{\nfont-size:40px;\n}\n<\/style>\n<span  class='av_font_icon av-xnngwt-89ae33c9164a469aa798c5efc18f624a avia_animate_when_visible av-icon-style- avia-icon-pos-center avia-svg-icon avia-font-svg_entypo-fontello av-no-color avia-icon-animate'><span class='av-icon-char' data-av_svg_icon='graduation-cap' data-av_iconset='svg_entypo-fontello' ><svg version=\"1.1\" xmlns=\"http:\/\/www.w3.org\/2000\/svg\" width=\"32\" height=\"32\" viewbox=\"0 0 32 32\" preserveaspectratio=\"xMidYMid meet\" aria-labelledby='av-svg-title-3' aria-describedby='av-svg-desc-3' role=\"graphics-symbol\" aria-hidden=\"true\">\n<title id='av-svg-title-3'>Graduation-cap<\/title>\n<desc id='av-svg-desc-3'>Graduation-cap<\/desc>\n<path d=\"M5.312 19.584l10.688 5.376 8.832-4.352q-0.128 0.704-0.256 1.504t-0.192 1.12-0.352 0.736-0.768 0.736-1.44 0.704q-1.28 0.576-2.56 1.312t-2.016 1.088-1.248 0.352-1.28-0.416-2.048-1.184-2.56-1.28q-2.304-1.024-3.296-2.208t-1.504-3.488zM31.232 11.712q0.768 0.448 0.768 1.056t-0.768 1.056l-2.496 1.408-9.856-3.264q-0.704-1.152-2.88-1.152-1.28 0-2.144 0.512t-0.864 1.28 0.864 1.28 2.144 0.512q0.832 0 1.152-0.128l9.344 2.176-8.576 4.864q-1.92 1.024-3.84 0l-13.312-7.488q-0.768-0.448-0.768-1.056t0.768-1.056l13.312-7.488q1.92-1.024 3.84 0zM27.136 25.856q0.576-3.712 0.416-5.824t-0.608-2.88l-0.448-0.704 2.24-1.216q0.192 0.256 0.384 0.896t0.544 3.232-0.224 6.304q-0.128 0.832-0.704 0.96t-1.12-0.16-0.48-0.608z\"><\/path>\n<\/svg><\/span><\/span><br \/>\n\n<style type=\"text\/css\" data-created_by=\"avia_inline_auto\" id=\"style-css-av-38uqvx-c7e62f639572acf2e4dc39f7e85d10cd\">\n#top .av-special-heading.av-38uqvx-c7e62f639572acf2e4dc39f7e85d10cd{\npadding-bottom:10px;\n}\nbody .av-special-heading.av-38uqvx-c7e62f639572acf2e4dc39f7e85d10cd .av-special-heading-tag .heading-char{\nfont-size:25px;\n}\n.av-special-heading.av-38uqvx-c7e62f639572acf2e4dc39f7e85d10cd .av-subheading{\nfont-size:15px;\n}\n<\/style>\n<div  class='av-special-heading av-38uqvx-c7e62f639572acf2e4dc39f7e85d10cd av-special-heading-h4  avia-builder-el-19  el_after_av_font_icon  el_before_av_textblock'><h4 class='av-special-heading-tag'  >Formation continue<\/h4><div class=\"special-heading-border\"><div class=\"special-heading-inner-border\"><\/div><\/div><\/div><br \/>\n<section  class='av_textblock_section av-vdasil-b7f1bba1dd2d661235fbfe2fc6da7773'  ><div class='avia_textblock' ><p>CFST S\u00e9curit\u00e9 au travail et protection de la sant\u00e9: cours de base et de formation continue pour les PERCO<\/p>\n<\/div><\/section><br \/>\n<div  class='avia-button-wrap av-sjuqr1-403323a3af19506cdd8e8e109f1bc3b5-wrap avia-button-left  avia-builder-el-21  el_after_av_textblock  avia-builder-el-last'><a href='https:\/\/swissavant.ch\/fr\/reseau\/ekas\/formations-kopas\/'  class='avia-button av-sjuqr1-403323a3af19506cdd8e8e109f1bc3b5 av-link-btn avia-icon_select-yes-left-icon avia-size-small avia-position-left avia-color-theme-color'   aria-label=\"continuer \"><span class='avia_button_icon avia_button_icon_left avia-iconfont avia-font-entypo-fontello' data-av_icon='\ue832' data-av_iconfont='entypo-fontello' ><\/span><span class='avia_iconbox_title' >continuer <\/span><\/a><\/div><\/p><\/div><div class='flex_column_table av-9i6ghp-d9ab0b7f54f1ac81958e4a4dd3f478be sc-av_one_full av-equal-height-column-flextable'>\n<style type=\"text\/css\" data-created_by=\"avia_inline_auto\" id=\"style-css-av-9i6ghp-d9ab0b7f54f1ac81958e4a4dd3f478be\">\n@keyframes av_boxShadowEffect_av-9i6ghp-d9ab0b7f54f1ac81958e4a4dd3f478be-column {\n0%   { box-shadow:  0 0 0 0 #dbdbdb; opacity: 1; }\n100% { box-shadow:  0 0 20px 0 #dbdbdb; opacity: 1; }\n}\n.flex_column.av-9i6ghp-d9ab0b7f54f1ac81958e4a4dd3f478be{\nwidth:100%;\nmargin-left:0;\nbox-shadow: 0 0 20px 0 #dbdbdb;\npadding:30px 30px 30px 30px;\nbackground-color:#ffffff;\n}\n#top .flex_column_table.av-equal-height-column-flextable.av-9i6ghp-d9ab0b7f54f1ac81958e4a4dd3f478be .av-flex-placeholder{\nwidth:0%;\n}\n<\/style>\n<div  class='flex_column av-9i6ghp-d9ab0b7f54f1ac81958e4a4dd3f478be av_one_full  avia-builder-el-22  el_after_av_one_third  avia-builder-el-last  first flex_column_table_cell av-equal-height-column av-align-top shadow-not-animated  column-top-margin'     ><p>\n<style type=\"text\/css\" data-created_by=\"avia_inline_auto\" id=\"style-css-av-88nnkt-4240950fa939ce5ebab5c60ecb941a0b\">\n.av_font_icon.av-88nnkt-4240950fa939ce5ebab5c60ecb941a0b .av-icon-char{\nfont-size:40px;\nline-height:40px;\n}\n<\/style>\n<span  class='av_font_icon av-88nnkt-4240950fa939ce5ebab5c60ecb941a0b avia_animate_when_visible av-icon-style- avia-icon-pos-center avia-iconfont avia-font-entypo-fontello av-no-color avia-icon-animate'><span class='av-icon-char' data-av_icon='\ue862' data-av_iconfont='entypo-fontello' aria-hidden=\"true\" ><\/span><\/span><br \/>\n\n<style type=\"text\/css\" data-created_by=\"avia_inline_auto\" id=\"style-css-av-5eoqst-34f6822ffd0bbac4ce1af8103ecc0c7b\">\n#top .av-special-heading.av-5eoqst-34f6822ffd0bbac4ce1af8103ecc0c7b{\npadding-bottom:10px;\n}\nbody .av-special-heading.av-5eoqst-34f6822ffd0bbac4ce1af8103ecc0c7b .av-special-heading-tag .heading-char{\nfont-size:25px;\n}\n.av-special-heading.av-5eoqst-34f6822ffd0bbac4ce1af8103ecc0c7b .av-subheading{\nfont-size:15px;\n}\n<\/style>\n<div  class='av-special-heading av-5eoqst-34f6822ffd0bbac4ce1af8103ecc0c7b av-special-heading-h4 blockquote modern-quote modern-centered  avia-builder-el-24  el_after_av_font_icon  el_before_av_textblock'><h4 class='av-special-heading-tag'  >DATES <\/h4><div class=\"special-heading-border\"><div class=\"special-heading-inner-border\"><\/div><\/div><\/div><br \/>\n<section  class='av_textblock_section av-4nt8jx-b95415b7bd3585d32f897f715db35f0c'  ><div class='avia_textblock' ><p style=\"text-align: center;\">Dates du comit\u00e9 de Swissavant ainsi que de la fondation de soutien polaris et de la CP Merlion:<\/p>\n<\/div><\/section><br \/>\n<div class='avia-data-table-wrap av-323htst-eea6f9df65b64901c75f122570a9666e avia_responsive_table avia-table-1'><table  class='avia-table avia-data-table avia_pricing_default  avia-builder-el-26  el_after_av_textblock  avia-builder-el-last' ><tbody><tr class='avia-heading-row'><th class=''>Date:<\/th><th class=''>Soci\u00e9t\u00e9:<\/th><th class=''>S\u00e9ance\/occasion:<\/th><th class=''>Lieu:<\/th><\/tr><tr class=''><td class=''>29 janvier 2026<\/td><td class=''>PK Merlion<\/td><td class=''>R\u00e9union du comit\u00e9 de placement du RS<\/td><td class=''>Wallisellen <\/td><\/tr><tr class=''><td class=''>09\/10 f\u00e9vrier 2026<\/td><td class=''>Swissavant<\/td><td class=''>R\u00e9union du comit\u00e9<\/td><td class=''>Berne<\/td><\/tr><tr class=''><td class=''>30 mars 2026<\/td><td class=''>Swissavant<\/td><td class=''>116e Assembl\u00e9e g\u00e9n\u00e9rale (Journ\u00e9e nationale de la branche)<\/td><td class=''>Zurich-A\u00e9roport (H\u00f4tel Radisson Blu)<\/td><\/tr><tr class=''><td class=''>21 avril 2026<\/td><td class=''>PK Merlion<\/td><td class=''>R\u00e9union du CE <\/td><td class=''>Wallisellen <\/td><\/tr><tr class=''><td class=''>29 avril 2026<\/td><td class=''>PK Merlion<\/td><td class=''>R\u00e9union du comit\u00e9 de placement du RS<\/td><td class=''>Wallisellen <\/td><\/tr><tr class=''><td class=''>9 juin 2026<\/td><td class=''>PK Merlion<\/td><td class=''>R\u00e9union du CE<\/td><td class=''>Wallisellen<\/td><\/tr><tr class=''><td class=''>20 ao\u00fbt 2026<\/td><td class=''>PK Merlion<\/td><td class=''>R\u00e9union du comit\u00e9 de placement du RS<\/td><td class=''>Wallisellen<\/td><\/tr><tr class=''><td class=''>6 et 7 septembre 2026<\/td><td class=''>Swissavant<\/td><td class=''>R\u00e9union du comit\u00e9<\/td><td class=''>ouvert<\/td><\/tr><tr class=''><td class=''>8 et 9 septembre 2026<\/td><td class=''>PK Merlion<\/td><td class=''>R\u00e9union strat\u00e9gique du CE<\/td><td class=''>Wallisellen<\/td><\/tr><tr class=''><td class=''><strong>24 septembre 2026 <\/strong><\/p>\n<div class=\"addcal-btn\" data-event=\"y3czkawn3ln4\" data-base=\"addcal.io\"><\/div>\n<p><script src=\"https:\/\/cdn.addcal.co\/embed\/1.4.0\/button.min.js\"><\/script><\/td><td class=''><strong>Fondation polaris \/ Swissavant <\/strong><\/td><td class=''><strong>7e Journ\u00e9e nationale de la formation<\/strong><\/td><td class=''><strong>Foire de Lucerne<\/strong><\/td><\/tr><tr class=''><td class=''>22 octobre 2026<\/td><td class=''>PK Merlion<\/td><td class=''>R\u00e9union du comit\u00e9 de placement du RS<\/td><td class=''>Wallisellen<\/td><\/tr><tr class=''><td class=''>17 novembre 2026<\/td><td class=''>PK Merlion<\/td><td class=''>R\u00e9union du CE<\/td><td class=''>Wallisellen <\/td><\/tr><tr class=''><td class=''>23 novembre 2026 <\/td><td class=''>Fondation polaris<\/td><td class=''>R\u00e9union du comit\u00e9<\/td><td class=''>Wallisellen <\/td><\/tr><tr class=''><td class=''>30 novembre 2026<\/td><td class=''>Swissavant<\/td><td class=''>R\u00e9union de fin d'ann\u00e9e<\/td><td class=''>ouvert<\/td><\/tr><\/tbody><\/table><\/div><style type='text\/css'>.avia-table-1 td:nth-of-type(1):before { content: 'Datum:'; } .avia-table-1 td:nth-of-type(2):before { content: 'Firma:'; } .avia-table-1 td:nth-of-type(3):before { content: 'Sitzung\/Anlass:'; } .avia-table-1 td:nth-of-type(4):before { content: 'Ort:'; } <\/style><\/p><\/div><\/div><!--close column table wrapper. Autoclose: 1 -->","protected":false},"excerpt":{"rendered":"<p>En tant qu'organisation fa\u00eeti\u00e8re politico-\u00e9conomique, Swissavant - Association \u00e9conomique Artisanat et M\u00e9nage propose diverses institutions pr\u00e9cieuses pour le collectif : la solution de branche CFST S\u00e9curit\u00e9 au travail, la fondation de soutien polaris, le prestataire central de services e-business nexMart Schweiz AG, la caisse de pension Merlion et le salon professionnel Hardware.<\/p>","protected":false},"author":13,"featured_media":0,"parent":0,"menu_order":6,"comment_status":"closed","ping_status":"closed","template":"","meta":{"_acf_changed":false,"_monsterinsights_skip_tracking":false,"_monsterinsights_sitenote_active":false,"_monsterinsights_sitenote_note":"","_monsterinsights_sitenote_category":0,"footnotes":""},"folder":[],"class_list":["post-9981","page","type-page","status-publish","hentry"],"acf":[],"yoast_head":"<!-- This site is optimized with the Yoast SEO plugin v26.8 - https:\/\/yoast.com\/product\/yoast-seo-wordpress\/ -->\n<title>Veranstaltungen - Termine und weiterf\u00fchrende Informationen<\/title>\n<meta name=\"description\" content=\"Informieren Sie sich \u00fcber Events von Swissavant sowie \u00fcber Termine der Schweizer Eisenwaren-, Werkzeug-, Beschl\u00e4ge- und Haushaltartikelbranche.\" \/>\n<meta name=\"robots\" content=\"index, follow, max-snippet:-1, max-image-preview:large, max-video-preview:-1\" \/>\n<link rel=\"canonical\" href=\"https:\/\/swissavant.ch\/fr\/evenements-formation-continue\/\" \/>\n<meta property=\"og:locale\" content=\"fr_FR\" \/>\n<meta property=\"og:type\" content=\"article\" \/>\n<meta property=\"og:title\" content=\"Veranstaltungen - Termine und weiterf\u00fchrende Informationen\" \/>\n<meta property=\"og:description\" content=\"Informieren Sie sich \u00fcber Events von Swissavant sowie \u00fcber Termine der Schweizer Eisenwaren-, Werkzeug-, Beschl\u00e4ge- und Haushaltartikelbranche.\" \/>\n<meta property=\"og:url\" content=\"https:\/\/swissavant.ch\/fr\/evenements-formation-continue\/\" \/>\n<meta property=\"og:site_name\" content=\"Swissavant\" \/>\n<meta property=\"article:modified_time\" content=\"2026-04-22T12:20:15+00:00\" \/>\n<meta name=\"twitter:label1\" content=\"Dur\u00e9e de lecture estim\u00e9e\" \/>\n\t<meta name=\"twitter:data1\" content=\"2 minutes\" \/>\n<script type=\"application\/ld+json\" class=\"yoast-schema-graph\">{\"@context\":\"https:\/\/schema.org\",\"@graph\":[{\"@type\":\"WebPage\",\"@id\":\"https:\/\/swissavant.ch\/veranstaltungen-weiterbildung\/\",\"url\":\"https:\/\/swissavant.ch\/veranstaltungen-weiterbildung\/\",\"name\":\"Veranstaltungen - Termine und weiterf\u00fchrende Informationen\",\"isPartOf\":{\"@id\":\"https:\/\/swissavant.ch\/#website\"},\"datePublished\":\"2022-11-09T12:54:28+00:00\",\"dateModified\":\"2026-04-22T12:20:15+00:00\",\"description\":\"Informieren Sie sich \u00fcber Events von Swissavant sowie \u00fcber Termine der Schweizer Eisenwaren-, Werkzeug-, Beschl\u00e4ge- und Haushaltartikelbranche.\",\"breadcrumb\":{\"@id\":\"https:\/\/swissavant.ch\/veranstaltungen-weiterbildung\/#breadcrumb\"},\"inLanguage\":\"fr-FR\",\"potentialAction\":[{\"@type\":\"ReadAction\",\"target\":[\"https:\/\/swissavant.ch\/veranstaltungen-weiterbildung\/\"]}]},{\"@type\":\"BreadcrumbList\",\"@id\":\"https:\/\/swissavant.ch\/veranstaltungen-weiterbildung\/#breadcrumb\",\"itemListElement\":[{\"@type\":\"ListItem\",\"position\":1,\"name\":\"Home\",\"item\":\"https:\/\/swissavant.ch\/home\/\"},{\"@type\":\"ListItem\",\"position\":2,\"name\":\"Veranstaltungen &#038; Weiterbildung\"}]},{\"@type\":\"WebSite\",\"@id\":\"https:\/\/swissavant.ch\/#website\",\"url\":\"https:\/\/swissavant.ch\/\",\"name\":\"Swissavant\",\"description\":\"Swissavant\",\"potentialAction\":[{\"@type\":\"SearchAction\",\"target\":{\"@type\":\"EntryPoint\",\"urlTemplate\":\"https:\/\/swissavant.ch\/?s={search_term_string}\"},\"query-input\":{\"@type\":\"PropertyValueSpecification\",\"valueRequired\":true,\"valueName\":\"search_term_string\"}}],\"inLanguage\":\"fr-FR\"}]}<\/script>\n<!-- \/ Yoast SEO plugin. -->","yoast_head_json":{"title":"\u00c9v\u00e9nements - Dates et informations compl\u00e9mentaires","description":"Informez-vous sur les \u00e9v\u00e9nements de Swissavant ainsi que sur les rendez-vous de la branche suisse de la quincaillerie, de l'outillage, des ferrements et des articles m\u00e9nagers.","robots":{"index":"index","follow":"follow","max-snippet":"max-snippet:-1","max-image-preview":"max-image-preview:large","max-video-preview":"max-video-preview:-1"},"canonical":"https:\/\/swissavant.ch\/fr\/evenements-formation-continue\/","og_locale":"fr_FR","og_type":"article","og_title":"Veranstaltungen - Termine und weiterf\u00fchrende Informationen","og_description":"Informieren Sie sich \u00fcber Events von Swissavant sowie \u00fcber Termine der Schweizer Eisenwaren-, Werkzeug-, Beschl\u00e4ge- und Haushaltartikelbranche.","og_url":"https:\/\/swissavant.ch\/fr\/evenements-formation-continue\/","og_site_name":"Swissavant","article_modified_time":"2026-04-22T12:20:15+00:00","twitter_misc":{"Dur\u00e9e de lecture estim\u00e9e":"2 minutes"},"schema":{"@context":"https:\/\/schema.org","@graph":[{"@type":"WebPage","@id":"https:\/\/swissavant.ch\/veranstaltungen-weiterbildung\/","url":"https:\/\/swissavant.ch\/veranstaltungen-weiterbildung\/","name":"\u00c9v\u00e9nements - Dates et informations compl\u00e9mentaires","isPartOf":{"@id":"https:\/\/swissavant.ch\/#website"},"datePublished":"2022-11-09T12:54:28+00:00","dateModified":"2026-04-22T12:20:15+00:00","description":"Informez-vous sur les \u00e9v\u00e9nements de Swissavant ainsi que sur les rendez-vous de la branche suisse de la quincaillerie, de l'outillage, des ferrements et des articles m\u00e9nagers.","breadcrumb":{"@id":"https:\/\/swissavant.ch\/veranstaltungen-weiterbildung\/#breadcrumb"},"inLanguage":"fr-FR","potentialAction":[{"@type":"ReadAction","target":["https:\/\/swissavant.ch\/veranstaltungen-weiterbildung\/"]}]},{"@type":"BreadcrumbList","@id":"https:\/\/swissavant.ch\/veranstaltungen-weiterbildung\/#breadcrumb","itemListElement":[{"@type":"ListItem","position":1,"name":"Home","item":"https:\/\/swissavant.ch\/home\/"},{"@type":"ListItem","position":2,"name":"Veranstaltungen &#038; Weiterbildung"}]},{"@type":"WebSite","@id":"https:\/\/swissavant.ch\/#website","url":"https:\/\/swissavant.ch\/","name":"Swissavant","description":"Swissavant","potentialAction":[{"@type":"SearchAction","target":{"@type":"EntryPoint","urlTemplate":"https:\/\/swissavant.ch\/?s={search_term_string}"},"query-input":{"@type":"PropertyValueSpecification","valueRequired":true,"valueName":"search_term_string"}}],"inLanguage":"fr-FR"}]}},"_links":{"self":[{"href":"https:\/\/swissavant.ch\/fr\/wp-json\/wp\/v2\/pages\/9981","targetHints":{"allow":["GET"]}}],"collection":[{"href":"https:\/\/swissavant.ch\/fr\/wp-json\/wp\/v2\/pages"}],"about":[{"href":"https:\/\/swissavant.ch\/fr\/wp-json\/wp\/v2\/types\/page"}],"author":[{"embeddable":true,"href":"https:\/\/swissavant.ch\/fr\/wp-json\/wp\/v2\/users\/13"}],"replies":[{"embeddable":true,"href":"https:\/\/swissavant.ch\/fr\/wp-json\/wp\/v2\/comments?post=9981"}],"version-history":[{"count":10,"href":"https:\/\/swissavant.ch\/fr\/wp-json\/wp\/v2\/pages\/9981\/revisions"}],"predecessor-version":[{"id":13882,"href":"https:\/\/swissavant.ch\/fr\/wp-json\/wp\/v2\/pages\/9981\/revisions\/13882"}],"wp:attachment":[{"href":"https:\/\/swissavant.ch\/fr\/wp-json\/wp\/v2\/media?parent=9981"}],"wp:term":[{"taxonomy":"folder","embeddable":true,"href":"https:\/\/swissavant.ch\/fr\/wp-json\/wp\/v2\/folder?post=9981"}],"curies":[{"name":"wp","href":"https:\/\/api.w.org\/{rel}","templated":true}]}}